{"id":4402,"date":"2026-04-27T07:46:23","date_gmt":"2026-04-27T07:46:23","guid":{"rendered":"https:\/\/www.adegamachado.pt\/?page_id=4402"},"modified":"2026-04-27T20:18:42","modified_gmt":"2026-04-27T20:18:42","slug":"galeria","status":"publish","type":"page","link":"https:\/\/www.adegamachado.pt\/en\/galeria\/","title":{"rendered":"Galeria"},"content":{"rendered":"<p class=\"attachment\"><a href='https:\/\/www.adegamachado.pt\/wp-content\/uploads\/2025\/11\/WTF04301_compressed-scaled.webp'><img fetchpriority=\"high\" decoding=\"async\" width=\"200\" height=\"300\" src=\"https:\/\/www.adegamachado.pt\/wp-content\/uploads\/2025\/11\/WTF04301_compressed-200x300.webp\" class=\"attachment-medium size-medium\" alt=\"Past\u00e9is de massa tenra servidos sobre bandeja preta com azeitonas e p\u00e3o na Adega Machado, Lisboa\" srcset=\"https:\/\/www.adegamachado.pt\/wp-content\/uploads\/2025\/11\/WTF04301_compressed-200x300.webp 200w, https:\/\/www.adegamachado.pt\/wp-content\/uploads\/2025\/11\/WTF04301_compressed-683x1024.webp 683w, https:\/\/www.adegamachado.pt\/wp-content\/uploads\/2025\/11\/WTF04301_compressed-1024x1536.webp 1024w, https:\/\/www.adegamachado.pt\/wp-content\/uploads\/2025\/11\/WTF04301_compressed-scaled.webp 1280w, https:\/\/www.adegamachado.pt\/wp-content\/uploads\/2025\/11\/WTF04301_compressed-8x12.webp 8w\" sizes=\"(max-width: 200px) 100vw, 200px\" \/><\/a><\/p>\n\t\t<div data-elementor-type=\"wp-post\" data-elementor-id=\"4402\" class=\"elementor elementor-4402\">\n\t\t\t\t<div class=\"elementor-element elementor-element-02f860b e-con-full e-flex e-con e-parent\" data-id=\"02f860b\" data-element_type=\"container\" data-e-type=\"container\">\n\t\t<div class=\"elementor-element elementor-element-72a6e95 e-con-full e-flex e-con e-child\" data-id=\"72a6e95\" data-element_type=\"container\" data-e-type=\"container\" data-settings=\"{&quot;background_background&quot;:&quot;classic&quot;}\">\n\t\t<div class=\"elementor-element elementor-element-b17fab0 e-con-full e-flex e-con e-child\" data-id=\"b17fab0\" data-element_type=\"container\" data-e-type=\"container\">\n\t\t\t\t<div class=\"elementor-element elementor-element-2ea4493 elementor-widget elementor-widget-text-editor\" data-id=\"2ea4493\" data-element_type=\"widget\" data-e-type=\"widget\" data-widget_type=\"text-editor.default\">\n\t\t\t\t\t\t\t\t\t<p>Fado House \u00b7 Bairro Alto \u00b7 Lisbon<\/p>\t\t\t\t\t\t\t\t<\/div>\n\t\t\t\t<div class=\"elementor-element elementor-element-e3bc68f elementor-widget elementor-widget-heading\" data-id=\"e3bc68f\" data-element_type=\"widget\" data-e-type=\"widget\" data-widget_type=\"heading.default\">\n\t\t\t\t\t<p class=\"elementor-heading-title elementor-size-default\">Gallery<\/p>\t\t\t\t<\/div>\n\t\t\t\t<\/div>\n\t\t\t\t<\/div>\n\t\t\t\t<\/div>\n\t\t<div class=\"elementor-element elementor-element-545b3c7 e-flex e-con-boxed e-con e-parent\" data-id=\"545b3c7\" data-element_type=\"container\" data-e-type=\"container\">\n\t\t\t\t\t<div class=\"e-con-inner\">\n\t\t<div class=\"elementor-element elementor-element-097bd15 e-flex e-con-boxed e-con e-child\" data-id=\"097bd15\" data-element_type=\"container\" data-e-type=\"container\">\n\t\t\t\t\t<div class=\"e-con-inner\">\n\t\t\t\t<div class=\"elementor-element elementor-element-f95b7af elementor-widget elementor-widget-text-editor\" data-id=\"f95b7af\" data-element_type=\"widget\" data-e-type=\"widget\" data-widget_type=\"text-editor.default\">\n\t\t\t\t\t\t\t\t\t<p>Adega Machado is a fado house in Bairro Alto, Lisbon, since 1937. Am\u00e1lia Rodrigues, Carlos do Carmo, Mariza have all sung here \u2014 and so do the fadistas and musicians who keep this UNESCO Intangible Cultural Heritage tradition alive today.<\/p><p>These photographs are a way to show what words cannot hold: the twelve-string Portuguese guitar, the viola that accompanies it, the fadista in surrender, and the dining room where it all happens just a few feet from those who dine.<\/p>\t\t\t\t\t\t\t\t<\/div>\n\t\t\t\t\t<\/div>\n\t\t\t\t<\/div>\n\t\t\t\t\t<\/div>\n\t\t\t\t<\/div>\n\t\t<div class=\"elementor-element elementor-element-c315093 e-flex e-con-boxed e-con e-parent\" data-id=\"c315093\" data-element_type=\"container\" data-e-type=\"container\">\n\t\t\t\t\t<div class=\"e-con-inner\">\n\t\t\t\t<div class=\"elementor-element elementor-element-ae91392 elementor-widget elementor-widget-shortcode\" data-id=\"ae91392\" data-element_type=\"widget\" data-e-type=\"widget\" data-widget_type=\"shortcode.default\">\n\t\t\t\t\t\t\t<div class=\"elementor-shortcode\">\t<div class=\"ff-galeria\" id=\"ff-galeria\">\n\t\t<div class=\"ff-galeria-filters\" role=\"tablist\" aria-label=\"Filter by category\">\n\t\t\t<button class=\"ff-filter-pill ff-filter-active\" data-cat=\"all\" role=\"tab\" aria-selected=\"true\">\n\t\t\t\tAll\t\t\t\t<span class=\"ff-filter-count\">37<\/span>\n\t\t\t<\/button>\n\t\t\t\t\t\t\t<button class=\"ff-filter-pill\" data-cat=\"fado\" role=\"tab\" aria-selected=\"false\">\n\t\t\t\t\tFado\t\t\t\t\t<span class=\"ff-filter-count\">10<\/span>\n\t\t\t\t<\/button>\n\t\t\t\t\t\t\t<button class=\"ff-filter-pill\" data-cat=\"sala\" role=\"tab\" aria-selected=\"false\">\n\t\t\t\t\tSala\t\t\t\t\t<span class=\"ff-filter-count\">5<\/span>\n\t\t\t\t<\/button>\n\t\t\t\t\t\t\t<button class=\"ff-filter-pill\" data-cat=\"a-casa\" role=\"tab\" aria-selected=\"false\">\n\t\t\t\t\tA Casa\t\t\t\t\t<span class=\"ff-filter-count\">2<\/span>\n\t\t\t\t<\/button>\n\t\t\t\t\t\t\t<button class=\"ff-filter-pill\" data-cat=\"gastronomia\" role=\"tab\" aria-selected=\"false\">\n\t\t\t\t\tGastronomy\t\t\t\t\t<span class=\"ff-filter-count\">20<\/span>\n\t\t\t\t<\/button>\n\t\t\t\t\t<\/div>\n\n\t\t<div class=\"ff-galeria-grid\">\n\t\t\t\t\t\t\t<figure class=\"ff-galeria-item\"\n\t\t\t\t\tdata-cats=\"gastronomia\"\n\t\t\t\t\tdata-index=\"0\"\n\t\t\t\t\tdata-full=\"https:\/\/www.adegamachado.pt\/wp-content\/uploads\/2025\/11\/WTF05251_compressed-scaled.webp\"\n\t\t\t\t\tdata-title=\"Sobremesa de chocolate\"\n\t\t\t\t\tdata-caption=\"\"\n\t\t\t\t\tdata-cat-name=\"Gastronomia\"\n\t\t\t\t\tdata-alt=\"Sobremesa de chocolate com gelado de pistache e flor comest\u00edvel na Adega Machado, Lisboa\">\n\t\t\t\t\t<img\n\t\t\t\t\t\tsrc=\"https:\/\/www.adegamachado.pt\/wp-content\/uploads\/2025\/11\/WTF05251_compressed-683x1024.webp\"\n\t\t\t\t\t\talt=\"Sobremesa de chocolate com gelado de pistache e flor comest\u00edvel na Adega Machado, Lisboa\"\n\t\t\t\t\t\twidth=\"683\"\n\t\t\t\t\t\theight=\"1024\"\n\t\t\t\t\t\tloading=\"eager\"\n\t\t\t\t\t\tfetchpriority=\"high\" \/>\n\t\t\t\t\t\t\t\t\t\t\t\t\t\t<\/figure>\n\t\t\t\t\t\t\t\t<figure class=\"ff-galeria-item\"\n\t\t\t\t\tdata-cats=\"gastronomia\"\n\t\t\t\t\tdata-index=\"1\"\n\t\t\t\t\tdata-full=\"https:\/\/www.adegamachado.pt\/wp-content\/uploads\/2025\/11\/WTF04345_compressed-scaled.webp\"\n\t\t\t\t\tdata-title=\"Cannoli vegetariano\"\n\t\t\t\t\tdata-caption=\"\"\n\t\t\t\t\tdata-cat-name=\"Gastronomia\"\n\t\t\t\t\tdata-alt=\"Cannoli vegetariano com creme e caviar sobre coulis verde na Adega Machado, Lisboa\">\n\t\t\t\t\t<img\n\t\t\t\t\t\tsrc=\"https:\/\/www.adegamachado.pt\/wp-content\/uploads\/2025\/11\/WTF04345_compressed-683x1024.webp\"\n\t\t\t\t\t\talt=\"Cannoli vegetariano com creme e caviar sobre coulis verde na Adega Machado, Lisboa\"\n\t\t\t\t\t\twidth=\"683\"\n\t\t\t\t\t\theight=\"1024\"\n\t\t\t\t\t\tloading=\"eager\"\n\t\t\t\t\t\tfetchpriority=\"auto\" \/>\n\t\t\t\t\t\t\t\t\t\t\t\t\t\t<\/figure>\n\t\t\t\t\t\t\t\t<figure class=\"ff-galeria-item\"\n\t\t\t\t\tdata-cats=\"gastronomia\"\n\t\t\t\t\tdata-index=\"2\"\n\t\t\t\t\tdata-full=\"https:\/\/www.adegamachado.pt\/wp-content\/uploads\/2025\/11\/WTF04457_compressed-scaled.webp\"\n\t\t\t\t\tdata-title=\"Cavala em escabeche\"\n\t\t\t\t\tdata-caption=\"\"\n\t\t\t\t\tdata-cat-name=\"Gastronomia\"\n\t\t\t\t\tdata-alt=\"Cavala em escabeche com cebola e tomate em bandeja preta na Adega Machado, Lisboa\">\n\t\t\t\t\t<img\n\t\t\t\t\t\tsrc=\"https:\/\/www.adegamachado.pt\/wp-content\/uploads\/2025\/11\/WTF04457_compressed-683x1024.webp\"\n\t\t\t\t\t\talt=\"Cavala em escabeche com cebola e tomate em bandeja preta na Adega Machado, Lisboa\"\n\t\t\t\t\t\twidth=\"683\"\n\t\t\t\t\t\theight=\"1024\"\n\t\t\t\t\t\tloading=\"eager\"\n\t\t\t\t\t\tfetchpriority=\"auto\" \/>\n\t\t\t\t\t\t\t\t\t\t\t\t\t\t<\/figure>\n\t\t\t\t\t\t\t\t<figure class=\"ff-galeria-item\"\n\t\t\t\t\tdata-cats=\"gastronomia\"\n\t\t\t\t\tdata-index=\"3\"\n\t\t\t\t\tdata-full=\"https:\/\/www.adegamachado.pt\/wp-content\/uploads\/2025\/11\/WTF04689_compressed-scaled.webp\"\n\t\t\t\t\tdata-title=\"Camar\u00e3o da casa\"\n\t\t\t\t\tdata-caption=\"\"\n\t\t\t\t\tdata-cat-name=\"Gastronomia\"\n\t\t\t\t\tdata-alt=\"Camar\u00e3o da casa servido em molho com lim\u00e3o e coentros sobre toalha amarela na Adega Machado, Lisboa\">\n\t\t\t\t\t<img\n\t\t\t\t\t\tsrc=\"https:\/\/www.adegamachado.pt\/wp-content\/uploads\/2025\/11\/WTF04689_compressed-683x1024.webp\"\n\t\t\t\t\t\talt=\"Camar\u00e3o da casa servido em molho com lim\u00e3o e coentros sobre toalha amarela na Adega Machado, Lisboa\"\n\t\t\t\t\t\twidth=\"683\"\n\t\t\t\t\t\theight=\"1024\"\n\t\t\t\t\t\tloading=\"lazy\"\n\t\t\t\t\t\tfetchpriority=\"auto\" \/>\n\t\t\t\t\t\t\t\t\t\t\t\t\t\t<\/figure>\n\t\t\t\t\t\t\t\t<figure class=\"ff-galeria-item\"\n\t\t\t\t\tdata-cats=\"gastronomia\"\n\t\t\t\t\tdata-index=\"4\"\n\t\t\t\t\tdata-full=\"https:\/\/www.adegamachado.pt\/wp-content\/uploads\/2025\/11\/WTF04704_compressed-scaled.webp\"\n\t\t\t\t\tdata-title=\"Croquetes com batata frita\"\n\t\t\t\t\tdata-caption=\"\"\n\t\t\t\t\tdata-cat-name=\"Gastronomia\"\n\t\t\t\t\tdata-alt=\"Croquetes dourados servidos com batata frita em saco e maionese na Adega Machado, Lisboa\">\n\t\t\t\t\t<img\n\t\t\t\t\t\tsrc=\"https:\/\/www.adegamachado.pt\/wp-content\/uploads\/2025\/11\/WTF04704_compressed-683x1024.webp\"\n\t\t\t\t\t\talt=\"Croquetes dourados servidos com batata frita em saco e maionese na Adega Machado, Lisboa\"\n\t\t\t\t\t\twidth=\"683\"\n\t\t\t\t\t\theight=\"1024\"\n\t\t\t\t\t\tloading=\"lazy\"\n\t\t\t\t\t\tfetchpriority=\"auto\" \/>\n\t\t\t\t\t\t\t\t\t\t\t\t\t\t<\/figure>\n\t\t\t\t\t\t\t\t<figure class=\"ff-galeria-item\"\n\t\t\t\t\tdata-cats=\"gastronomia\"\n\t\t\t\t\tdata-index=\"5\"\n\t\t\t\t\tdata-full=\"https:\/\/www.adegamachado.pt\/wp-content\/uploads\/2025\/11\/WTF04747_compressed-scaled.webp\"\n\t\t\t\t\tdata-title=\"Petiscos do bar\"\n\t\t\t\t\tdata-caption=\"\"\n\t\t\t\t\tdata-cat-name=\"Gastronomia\"\n\t\t\t\t\tdata-alt=\"Petiscos sobre p\u00e3o tostado em bandeja preta no bar da Adega Machado, Lisboa\">\n\t\t\t\t\t<img\n\t\t\t\t\t\tsrc=\"https:\/\/www.adegamachado.pt\/wp-content\/uploads\/2025\/11\/WTF04747_compressed-683x1024.webp\"\n\t\t\t\t\t\talt=\"Petiscos sobre p\u00e3o tostado em bandeja preta no bar da Adega Machado, Lisboa\"\n\t\t\t\t\t\twidth=\"683\"\n\t\t\t\t\t\theight=\"1024\"\n\t\t\t\t\t\tloading=\"lazy\"\n\t\t\t\t\t\tfetchpriority=\"auto\" \/>\n\t\t\t\t\t\t\t\t\t\t\t\t\t\t<\/figure>\n\t\t\t\t\t\t\t\t<figure class=\"ff-galeria-item\"\n\t\t\t\t\tdata-cats=\"gastronomia\"\n\t\t\t\t\tdata-index=\"6\"\n\t\t\t\t\tdata-full=\"https:\/\/www.adegamachado.pt\/wp-content\/uploads\/2025\/11\/WTF04851_compressed-scaled.webp\"\n\t\t\t\t\tdata-title=\"Camar\u00e3o alhinho\"\n\t\t\t\t\tdata-caption=\"\"\n\t\t\t\t\tdata-cat-name=\"Gastronomia\"\n\t\t\t\t\tdata-alt=\"Camar\u00e3o alhinho a ser temperado com lim\u00e3o em prato negro oval na Adega Machado, Lisboa\">\n\t\t\t\t\t<img\n\t\t\t\t\t\tsrc=\"https:\/\/www.adegamachado.pt\/wp-content\/uploads\/2025\/11\/WTF04851_compressed-683x1024.webp\"\n\t\t\t\t\t\talt=\"Camar\u00e3o alhinho a ser temperado com lim\u00e3o em prato negro oval na Adega Machado, Lisboa\"\n\t\t\t\t\t\twidth=\"683\"\n\t\t\t\t\t\theight=\"1024\"\n\t\t\t\t\t\tloading=\"lazy\"\n\t\t\t\t\t\tfetchpriority=\"auto\" \/>\n\t\t\t\t\t\t\t\t\t\t\t\t\t\t<\/figure>\n\t\t\t\t\t\t\t\t<figure class=\"ff-galeria-item\"\n\t\t\t\t\tdata-cats=\"gastronomia\"\n\t\t\t\t\tdata-index=\"7\"\n\t\t\t\t\tdata-full=\"https:\/\/www.adegamachado.pt\/wp-content\/uploads\/2025\/11\/WTF04915_compressed-scaled.webp\"\n\t\t\t\t\tdata-title=\"Torned\u00f3 de novilho\"\n\t\t\t\t\tdata-caption=\"\"\n\t\t\t\t\tdata-cat-name=\"Gastronomia\"\n\t\t\t\t\tdata-alt=\"Torned\u00f3 de novilho com pur\u00e9 e br\u00f3colos a ser servido com molho na Adega Machado, Lisboa\">\n\t\t\t\t\t<img\n\t\t\t\t\t\tsrc=\"https:\/\/www.adegamachado.pt\/wp-content\/uploads\/2025\/11\/WTF04915_compressed-683x1024.webp\"\n\t\t\t\t\t\talt=\"Torned\u00f3 de novilho com pur\u00e9 e br\u00f3colos a ser servido com molho na Adega Machado, Lisboa\"\n\t\t\t\t\t\twidth=\"683\"\n\t\t\t\t\t\theight=\"1024\"\n\t\t\t\t\t\tloading=\"lazy\"\n\t\t\t\t\t\tfetchpriority=\"auto\" \/>\n\t\t\t\t\t\t\t\t\t\t\t\t\t\t<\/figure>\n\t\t\t\t\t\t\t\t<figure class=\"ff-galeria-item\"\n\t\t\t\t\tdata-cats=\"gastronomia\"\n\t\t\t\t\tdata-index=\"8\"\n\t\t\t\t\tdata-full=\"https:\/\/www.adegamachado.pt\/wp-content\/uploads\/2025\/11\/WTF05029_compressed-scaled.webp\"\n\t\t\t\t\tdata-title=\"Mini hamb\u00fargueres da casa\"\n\t\t\t\t\tdata-caption=\"\"\n\t\t\t\t\tdata-cat-name=\"Gastronomia\"\n\t\t\t\t\tdata-alt=\"Mini hamb\u00fargueres servidos com batatas fritas em cesta na Adega Machado, Lisboa\">\n\t\t\t\t\t<img\n\t\t\t\t\t\tsrc=\"https:\/\/www.adegamachado.pt\/wp-content\/uploads\/2025\/11\/WTF05029_compressed-683x1024.webp\"\n\t\t\t\t\t\talt=\"Mini hamb\u00fargueres servidos com batatas fritas em cesta na Adega Machado, Lisboa\"\n\t\t\t\t\t\twidth=\"683\"\n\t\t\t\t\t\theight=\"1024\"\n\t\t\t\t\t\tloading=\"lazy\"\n\t\t\t\t\t\tfetchpriority=\"auto\" \/>\n\t\t\t\t\t\t\t\t\t\t\t\t\t\t<\/figure>\n\t\t\t\t\t\t\t\t<figure class=\"ff-galeria-item\"\n\t\t\t\t\tdata-cats=\"gastronomia\"\n\t\t\t\t\tdata-index=\"9\"\n\t\t\t\t\tdata-full=\"https:\/\/www.adegamachado.pt\/wp-content\/uploads\/2025\/11\/WTF05043_compressed-scaled.webp\"\n\t\t\t\t\tdata-title=\"Prego no p\u00e3o\"\n\t\t\t\t\tdata-caption=\"\"\n\t\t\t\t\tdata-cat-name=\"Gastronomia\"\n\t\t\t\t\tdata-alt=\"Prego no p\u00e3o cortado ao meio mostrando bife e molho na Adega Machado, Lisboa\">\n\t\t\t\t\t<img\n\t\t\t\t\t\tsrc=\"https:\/\/www.adegamachado.pt\/wp-content\/uploads\/2025\/11\/WTF05043_compressed-683x1024.webp\"\n\t\t\t\t\t\talt=\"Prego no p\u00e3o cortado ao meio mostrando bife e molho na Adega Machado, Lisboa\"\n\t\t\t\t\t\twidth=\"683\"\n\t\t\t\t\t\theight=\"1024\"\n\t\t\t\t\t\tloading=\"lazy\"\n\t\t\t\t\t\tfetchpriority=\"auto\" \/>\n\t\t\t\t\t\t\t\t\t\t\t\t\t\t<\/figure>\n\t\t\t\t\t\t\t\t<figure class=\"ff-galeria-item\"\n\t\t\t\t\tdata-cats=\"gastronomia\"\n\t\t\t\t\tdata-index=\"10\"\n\t\t\t\t\tdata-full=\"https:\/\/www.adegamachado.pt\/wp-content\/uploads\/2025\/11\/WTF04332_compressed-scaled.webp\"\n\t\t\t\t\tdata-title=\"T\u00e1bua de queijos\"\n\t\t\t\t\tdata-caption=\"\"\n\t\t\t\t\tdata-cat-name=\"Gastronomia\"\n\t\t\t\t\tdata-alt=\"T\u00e1bua com cubos de queijo curado, queijo creme e azeitonas em ard\u00f3sia preta na Adega Machado, Lisboa\">\n\t\t\t\t\t<img\n\t\t\t\t\t\tsrc=\"https:\/\/www.adegamachado.pt\/wp-content\/uploads\/2025\/11\/WTF04332_compressed-683x1024.webp\"\n\t\t\t\t\t\talt=\"T\u00e1bua com cubos de queijo curado, queijo creme e azeitonas em ard\u00f3sia preta na Adega Machado, Lisboa\"\n\t\t\t\t\t\twidth=\"683\"\n\t\t\t\t\t\theight=\"1024\"\n\t\t\t\t\t\tloading=\"lazy\"\n\t\t\t\t\t\tfetchpriority=\"auto\" \/>\n\t\t\t\t\t\t\t\t\t\t\t\t\t\t<\/figure>\n\t\t\t\t\t\t\t\t<figure class=\"ff-galeria-item\"\n\t\t\t\t\tdata-cats=\"gastronomia\"\n\t\t\t\t\tdata-index=\"11\"\n\t\t\t\t\tdata-full=\"https:\/\/www.adegamachado.pt\/wp-content\/uploads\/2025\/11\/WTF05256_compressed-scaled.webp\"\n\t\t\t\t\tdata-title=\"Sobremesa de fruta\"\n\t\t\t\t\tdata-caption=\"\"\n\t\t\t\t\tdata-cat-name=\"Gastronomia\"\n\t\t\t\t\tdata-alt=\"Sobremesa de fruta com flor comest\u00edvel em prato cer\u00e2mico escuro na Adega Machado, Lisboa\">\n\t\t\t\t\t<img\n\t\t\t\t\t\tsrc=\"https:\/\/www.adegamachado.pt\/wp-content\/uploads\/2025\/11\/WTF05256_compressed-683x1024.webp\"\n\t\t\t\t\t\talt=\"Sobremesa de fruta com flor comest\u00edvel em prato cer\u00e2mico escuro na Adega Machado, Lisboa\"\n\t\t\t\t\t\twidth=\"683\"\n\t\t\t\t\t\theight=\"1024\"\n\t\t\t\t\t\tloading=\"lazy\"\n\t\t\t\t\t\tfetchpriority=\"auto\" \/>\n\t\t\t\t\t\t\t\t\t\t\t\t\t\t<\/figure>\n\t\t\t\t\t\t\t\t<figure class=\"ff-galeria-item\"\n\t\t\t\t\tdata-cats=\"gastronomia\"\n\t\t\t\t\tdata-index=\"12\"\n\t\t\t\t\tdata-full=\"https:\/\/www.adegamachado.pt\/wp-content\/uploads\/2025\/11\/WTF05433_compressed-scaled.webp\"\n\t\t\t\t\tdata-title=\"Cocktail da casa\"\n\t\t\t\t\tdata-caption=\"\"\n\t\t\t\t\tdata-cat-name=\"Gastronomia\"\n\t\t\t\t\tdata-alt=\"Cocktail verde com flores comest\u00edveis em copo de margarita no bar da Adega Machado, Lisboa\">\n\t\t\t\t\t<img\n\t\t\t\t\t\tsrc=\"https:\/\/www.adegamachado.pt\/wp-content\/uploads\/2025\/11\/WTF05433_compressed-683x1024.webp\"\n\t\t\t\t\t\talt=\"Cocktail verde com flores comest\u00edveis em copo de margarita no bar da Adega Machado, Lisboa\"\n\t\t\t\t\t\twidth=\"683\"\n\t\t\t\t\t\theight=\"1024\"\n\t\t\t\t\t\tloading=\"lazy\"\n\t\t\t\t\t\tfetchpriority=\"auto\" \/>\n\t\t\t\t\t\t\t\t\t\t\t\t\t\t<\/figure>\n\t\t\t\t\t\t\t\t<figure class=\"ff-galeria-item\"\n\t\t\t\t\tdata-cats=\"gastronomia\"\n\t\t\t\t\tdata-index=\"13\"\n\t\t\t\t\tdata-full=\"https:\/\/www.adegamachado.pt\/wp-content\/uploads\/2025\/11\/WTF05383_compressed-scaled.webp\"\n\t\t\t\t\tdata-title=\"O cocktail da casa\"\n\t\t\t\t\tdata-caption=\"\"\n\t\t\t\t\tdata-cat-name=\"Gastronomia\"\n\t\t\t\t\tdata-alt=\"Bartender prepara cocktail verde com shaker no bar da Adega Machado, Lisboa\">\n\t\t\t\t\t<img\n\t\t\t\t\t\tsrc=\"https:\/\/www.adegamachado.pt\/wp-content\/uploads\/2025\/11\/WTF05383_compressed-683x1024.webp\"\n\t\t\t\t\t\talt=\"Bartender prepara cocktail verde com shaker no bar da Adega Machado, Lisboa\"\n\t\t\t\t\t\twidth=\"683\"\n\t\t\t\t\t\theight=\"1024\"\n\t\t\t\t\t\tloading=\"lazy\"\n\t\t\t\t\t\tfetchpriority=\"auto\" \/>\n\t\t\t\t\t\t\t\t\t\t\t\t\t\t<\/figure>\n\t\t\t\t\t\t\t\t<figure class=\"ff-galeria-item\"\n\t\t\t\t\tdata-cats=\"sala\"\n\t\t\t\t\tdata-index=\"14\"\n\t\t\t\t\tdata-full=\"https:\/\/www.adegamachado.pt\/wp-content\/uploads\/2025\/11\/WTF04479_compressed-scaled.webp\"\n\t\t\t\t\tdata-title=\"A sala em noite de fado\"\n\t\t\t\t\tdata-caption=\"Toalhas brancas, luz baixa, e o sil\u00eancio respeitoso que cai antes de cada fado. A sala mant\u00e9m o mesmo car\u00e1cter desde 1937 \u2014 onde Am\u00e1lia Rodrigues e Carlos do Carmo cantaram.\"\n\t\t\t\t\tdata-cat-name=\"Sala\"\n\t\t\t\t\tdata-alt=\"Sala de jantar da Adega Machado durante espect\u00e1culo de fado, com plateia atenta e mesas de toalha branca, Bairro Alto, Lisboa\">\n\t\t\t\t\t<img\n\t\t\t\t\t\tsrc=\"https:\/\/www.adegamachado.pt\/wp-content\/uploads\/2025\/11\/WTF04479_compressed-683x1024.webp\"\n\t\t\t\t\t\talt=\"Sala de jantar da Adega Machado durante espect\u00e1culo de fado, com plateia atenta e mesas de toalha branca, Bairro Alto, Lisboa\"\n\t\t\t\t\t\twidth=\"683\"\n\t\t\t\t\t\theight=\"1024\"\n\t\t\t\t\t\tloading=\"lazy\"\n\t\t\t\t\t\tfetchpriority=\"auto\" \/>\n\t\t\t\t\t\t\t\t\t\t\t\t\t\t<\/figure>\n\t\t\t\t\t\t\t\t<figure class=\"ff-galeria-item\"\n\t\t\t\t\tdata-cats=\"sala\"\n\t\t\t\t\tdata-index=\"15\"\n\t\t\t\t\tdata-full=\"https:\/\/www.adegamachado.pt\/wp-content\/uploads\/2025\/11\/WTF04543_compressed-scaled.webp\"\n\t\t\t\t\tdata-title=\"Fado a poucos metros\"\n\t\t\t\t\tdata-caption=\"N\u00e3o h\u00e1 palco elevado. O fado acontece a poucos metros de cada mesa \u2014 entre os pratos, os copos, e os olhares atentos.\"\n\t\t\t\t\tdata-cat-name=\"Sala\"\n\t\t\t\t\tdata-alt=\"Fadista canta na sala da Adega Machado em ambiente intimista com clientes a poucos metros, Bairro Alto, Lisboa\">\n\t\t\t\t\t<img\n\t\t\t\t\t\tsrc=\"https:\/\/www.adegamachado.pt\/wp-content\/uploads\/2025\/11\/WTF04543_compressed-683x1024.webp\"\n\t\t\t\t\t\talt=\"Fadista canta na sala da Adega Machado em ambiente intimista com clientes a poucos metros, Bairro Alto, Lisboa\"\n\t\t\t\t\t\twidth=\"683\"\n\t\t\t\t\t\theight=\"1024\"\n\t\t\t\t\t\tloading=\"lazy\"\n\t\t\t\t\t\tfetchpriority=\"auto\" \/>\n\t\t\t\t\t\t\t\t\t\t\t\t\t\t<\/figure>\n\t\t\t\t\t\t\t\t<figure class=\"ff-galeria-item\"\n\t\t\t\t\tdata-cats=\"sala\"\n\t\t\t\t\tdata-index=\"16\"\n\t\t\t\t\tdata-full=\"https:\/\/www.adegamachado.pt\/wp-content\/uploads\/2025\/11\/WTF04793_compressed-scaled.webp\"\n\t\t\t\t\tdata-title=\"Reflexo da sala\"\n\t\t\t\t\tdata-caption=\"A sala vista de outro \u00e2ngulo: clientes que comem, escutam, aplaudem. Cada noite \u00e9 \u00fanica, porque cada fado \u00e9 um momento que n\u00e3o se repete.\"\n\t\t\t\t\tdata-cat-name=\"Sala\"\n\t\t\t\t\tdata-alt=\"Vista da sala da Adega Machado por reflexo, com fadista a cantar e plateia a observar, Lisboa\">\n\t\t\t\t\t<img\n\t\t\t\t\t\tsrc=\"https:\/\/www.adegamachado.pt\/wp-content\/uploads\/2025\/11\/WTF04793_compressed-683x1024.webp\"\n\t\t\t\t\t\talt=\"Vista da sala da Adega Machado por reflexo, com fadista a cantar e plateia a observar, Lisboa\"\n\t\t\t\t\t\twidth=\"683\"\n\t\t\t\t\t\theight=\"1024\"\n\t\t\t\t\t\tloading=\"lazy\"\n\t\t\t\t\t\tfetchpriority=\"auto\" \/>\n\t\t\t\t\t\t\t\t\t\t\t\t\t\t<\/figure>\n\t\t\t\t\t\t\t\t<figure class=\"ff-galeria-item\"\n\t\t\t\t\tdata-cats=\"sala\"\n\t\t\t\t\tdata-index=\"17\"\n\t\t\t\t\tdata-full=\"https:\/\/www.adegamachado.pt\/wp-content\/uploads\/2025\/11\/WTF04809_compressed-scaled.webp\"\n\t\t\t\t\tdata-title=\"Plateia e fadista\"\n\t\t\t\t\tdata-caption=\"Os fadistas cantam para todos, mas como se cantassem para cada um. \u00c9 a magia do fado em casa pequena: a voz vem perto, a emo\u00e7\u00e3o vem inteira.\"\n\t\t\t\t\tdata-cat-name=\"Sala\"\n\t\t\t\t\tdata-alt=\"Fadista em primeiro plano com plateia atenta na sala da Adega Machado durante espect\u00e1culo de fado, Lisboa\">\n\t\t\t\t\t<img\n\t\t\t\t\t\tsrc=\"https:\/\/www.adegamachado.pt\/wp-content\/uploads\/2025\/11\/WTF04809_compressed-1024x683.webp\"\n\t\t\t\t\t\talt=\"Fadista em primeiro plano com plateia atenta na sala da Adega Machado durante espect\u00e1culo de fado, Lisboa\"\n\t\t\t\t\t\twidth=\"800\"\n\t\t\t\t\t\theight=\"534\"\n\t\t\t\t\t\tloading=\"lazy\"\n\t\t\t\t\t\tfetchpriority=\"auto\" \/>\n\t\t\t\t\t\t\t\t\t\t\t\t\t\t<\/figure>\n\t\t\t\t\t\t\t\t<figure class=\"ff-galeria-item\"\n\t\t\t\t\tdata-cats=\"sala\"\n\t\t\t\t\tdata-index=\"18\"\n\t\t\t\t\tdata-full=\"https:\/\/www.adegamachado.pt\/wp-content\/uploads\/2025\/11\/WTF05241-1-1-scaled.webp\"\n\t\t\t\t\tdata-title=\"Jantar e fado\"\n\t\t\t\t\tdata-caption=\"Jantar e fado partilham o mesmo espa\u00e7o, sem hierarquia. Os pratos descansam quando come\u00e7a a m\u00fasica \u2014 e voltam quando termina.\"\n\t\t\t\t\tdata-cat-name=\"Sala\"\n\t\t\t\t\tdata-alt=\"Clientes a jantar na sala da Adega Machado com quadro de m\u00fasicos a tocar guitarra portuguesa pendurado ao fundo, Lisboa\">\n\t\t\t\t\t<img\n\t\t\t\t\t\tsrc=\"https:\/\/www.adegamachado.pt\/wp-content\/uploads\/2025\/11\/WTF05241-1-1-683x1024.webp\"\n\t\t\t\t\t\talt=\"Clientes a jantar na sala da Adega Machado com quadro de m\u00fasicos a tocar guitarra portuguesa pendurado ao fundo, Lisboa\"\n\t\t\t\t\t\twidth=\"683\"\n\t\t\t\t\t\theight=\"1024\"\n\t\t\t\t\t\tloading=\"lazy\"\n\t\t\t\t\t\tfetchpriority=\"auto\" \/>\n\t\t\t\t\t\t\t\t\t\t\t\t\t\t<\/figure>\n\t\t\t\t\t\t\t\t<figure class=\"ff-galeria-item\"\n\t\t\t\t\tdata-cats=\"fado\"\n\t\t\t\t\tdata-index=\"19\"\n\t\t\t\t\tdata-full=\"https:\/\/www.adegamachado.pt\/wp-content\/uploads\/2025\/11\/WTF05084_compressed-scaled.webp\"\n\t\t\t\t\tdata-title=\"O mestre\"\n\t\t\t\t\tdata-caption=\"H\u00e1 rostos que pertencem ao fado tanto quanto a m\u00fasica. Mestres da guitarra portuguesa que conhecem cada fadista, cada casa, cada noite.\"\n\t\t\t\t\tdata-cat-name=\"Fado\"\n\t\t\t\t\tdata-alt=\"M\u00fasico com barba grisalha toca guitarra portuguesa em noite de fado na Adega Machado, Lisboa\">\n\t\t\t\t\t<img\n\t\t\t\t\t\tsrc=\"https:\/\/www.adegamachado.pt\/wp-content\/uploads\/2025\/11\/WTF05084_compressed-683x1024.webp\"\n\t\t\t\t\t\talt=\"M\u00fasico com barba grisalha toca guitarra portuguesa em noite de fado na Adega Machado, Lisboa\"\n\t\t\t\t\t\twidth=\"683\"\n\t\t\t\t\t\theight=\"1024\"\n\t\t\t\t\t\tloading=\"lazy\"\n\t\t\t\t\t\tfetchpriority=\"auto\" \/>\n\t\t\t\t\t\t\t\t\t\t\t\t\t\t<\/figure>\n\t\t\t\t\t\t\t\t<figure class=\"ff-galeria-item\"\n\t\t\t\t\tdata-cats=\"a-casa\"\n\t\t\t\t\tdata-index=\"20\"\n\t\t\t\t\tdata-full=\"https:\/\/www.adegamachado.pt\/wp-content\/uploads\/2025\/11\/WTF05196_compressed-scaled.webp\"\n\t\t\t\t\tdata-title=\"A fachada \u00e0 noite\"\n\t\t\t\t\tdata-caption=\"\u00c0 noite, a fachada amarela acende-se. O letreiro neon \u00e9 o sinal de que o fado vai come\u00e7ar \u2014 e tem come\u00e7ado, sem falhar, desde 1937.\"\n\t\t\t\t\tdata-cat-name=\"A Casa\"\n\t\t\t\t\tdata-alt=\"Fachada da Adega Machado iluminada \u00e0 noite com letreiro neon e janelas de guilhotina, Bairro Alto, Lisboa\">\n\t\t\t\t\t<img\n\t\t\t\t\t\tsrc=\"https:\/\/www.adegamachado.pt\/wp-content\/uploads\/2025\/11\/WTF05196_compressed-683x1024.webp\"\n\t\t\t\t\t\talt=\"Fachada da Adega Machado iluminada \u00e0 noite com letreiro neon e janelas de guilhotina, Bairro Alto, Lisboa\"\n\t\t\t\t\t\twidth=\"683\"\n\t\t\t\t\t\theight=\"1024\"\n\t\t\t\t\t\tloading=\"lazy\"\n\t\t\t\t\t\tfetchpriority=\"auto\" \/>\n\t\t\t\t\t\t\t\t\t\t\t\t\t\t<\/figure>\n\t\t\t\t\t\t\t\t<figure class=\"ff-galeria-item\"\n\t\t\t\t\tdata-cats=\"fado\"\n\t\t\t\t\tdata-index=\"21\"\n\t\t\t\t\tdata-full=\"https:\/\/www.adegamachado.pt\/wp-content\/uploads\/2025\/11\/WTF04469_compressed-scaled.webp\"\n\t\t\t\t\tdata-title=\"Os m\u00fasicos do fado\"\n\t\t\t\t\tdata-caption=\"A guitarra portuguesa, com o seu formato em pera e doze cordas, \u00e9 o som inconfund\u00edvel do fado. Um instrumento que s\u00f3 existe em Portugal \u2014 e que aqui se ouve todas as noites desde 1937.\"\n\t\t\t\t\tdata-cat-name=\"Fado\"\n\t\t\t\t\tdata-alt=\"Tr\u00eas m\u00fasicos a tocar guitarra portuguesa em conjunto durante espect\u00e1culo de fado na Adega Machado, Bairro Alto, Lisboa\">\n\t\t\t\t\t<img\n\t\t\t\t\t\tsrc=\"https:\/\/www.adegamachado.pt\/wp-content\/uploads\/2025\/11\/WTF04469_compressed-683x1024.webp\"\n\t\t\t\t\t\talt=\"Tr\u00eas m\u00fasicos a tocar guitarra portuguesa em conjunto durante espect\u00e1culo de fado na Adega Machado, Bairro Alto, Lisboa\"\n\t\t\t\t\t\twidth=\"683\"\n\t\t\t\t\t\theight=\"1024\"\n\t\t\t\t\t\tloading=\"lazy\"\n\t\t\t\t\t\tfetchpriority=\"auto\" \/>\n\t\t\t\t\t\t\t\t\t\t\t\t\t\t<\/figure>\n\t\t\t\t\t\t\t\t<figure class=\"ff-galeria-item\"\n\t\t\t\t\tdata-cats=\"fado\"\n\t\t\t\t\tdata-index=\"22\"\n\t\t\t\t\tdata-full=\"https:\/\/www.adegamachado.pt\/wp-content\/uploads\/2025\/11\/WTF04483_compressed-scaled.webp\"\n\t\t\t\t\tdata-title=\"Entrega \u00e0 can\u00e7\u00e3o\"\n\t\t\t\t\tdata-caption=\"A fadista entrega a voz \u00e0 can\u00e7\u00e3o. Olhos fechados, m\u00e3os abertas \u2014 uma postura herdada de gera\u00e7\u00f5es que aprenderam a cantar a saudade.\"\n\t\t\t\t\tdata-cat-name=\"Fado\"\n\t\t\t\t\tdata-alt=\"Fadista canta com express\u00e3o intensa e olhos fechados durante espect\u00e1culo na Adega Machado, casa de fado em Lisboa desde 1937\">\n\t\t\t\t\t<img\n\t\t\t\t\t\tsrc=\"https:\/\/www.adegamachado.pt\/wp-content\/uploads\/2025\/11\/WTF04483_compressed-683x1024.webp\"\n\t\t\t\t\t\talt=\"Fadista canta com express\u00e3o intensa e olhos fechados durante espect\u00e1culo na Adega Machado, casa de fado em Lisboa desde 1937\"\n\t\t\t\t\t\twidth=\"683\"\n\t\t\t\t\t\theight=\"1024\"\n\t\t\t\t\t\tloading=\"lazy\"\n\t\t\t\t\t\tfetchpriority=\"auto\" \/>\n\t\t\t\t\t\t\t\t\t\t\t\t\t\t<\/figure>\n\t\t\t\t\t\t\t\t<figure class=\"ff-galeria-item\"\n\t\t\t\t\tdata-cats=\"fado\"\n\t\t\t\t\tdata-index=\"23\"\n\t\t\t\t\tdata-full=\"https:\/\/www.adegamachado.pt\/wp-content\/uploads\/2025\/11\/WTF04488_compressed-scaled.webp\"\n\t\t\t\t\tdata-title=\"Viola e guitarra portuguesa\"\n\t\t\t\t\tdata-caption=\"A viola \u2014 guitarra cl\u00e1ssica de seis cordas \u2014 sustenta o ritmo enquanto a guitarra portuguesa desenha a melodia. Duas vozes que conversam para deixar a fadista cantar.\"\n\t\t\t\t\tdata-cat-name=\"Fado\"\n\t\t\t\t\tdata-alt=\"Dois m\u00fasicos tocam viola e guitarra portuguesa em conjunto na Adega Machado, Bairro Alto, Lisboa\">\n\t\t\t\t\t<img\n\t\t\t\t\t\tsrc=\"https:\/\/www.adegamachado.pt\/wp-content\/uploads\/2025\/11\/WTF04488_compressed-683x1024.webp\"\n\t\t\t\t\t\talt=\"Dois m\u00fasicos tocam viola e guitarra portuguesa em conjunto na Adega Machado, Bairro Alto, Lisboa\"\n\t\t\t\t\t\twidth=\"683\"\n\t\t\t\t\t\theight=\"1024\"\n\t\t\t\t\t\tloading=\"lazy\"\n\t\t\t\t\t\tfetchpriority=\"auto\" \/>\n\t\t\t\t\t\t\t\t\t\t\t\t\t\t<\/figure>\n\t\t\t\t\t\t\t\t<figure class=\"ff-galeria-item\"\n\t\t\t\t\tdata-cats=\"fado\"\n\t\t\t\t\tdata-index=\"24\"\n\t\t\t\t\tdata-full=\"https:\/\/www.adegamachado.pt\/wp-content\/uploads\/2025\/11\/WTF04596_compressed-scaled.webp\"\n\t\t\t\t\tdata-title=\"Doze cordas\"\n\t\t\t\t\tdata-caption=\"Doze cordas, dispostas em seis pares. As m\u00e3os sabem-nas de cor \u2014 cada nota desenhada com a precis\u00e3o de quem aprendeu o instrumento durante uma vida inteira.\"\n\t\t\t\t\tdata-cat-name=\"Fado\"\n\t\t\t\t\tdata-alt=\"Detalhe do bra\u00e7o e cordas da guitarra portuguesa durante espect\u00e1culo de fado na Adega Machado, Lisboa\">\n\t\t\t\t\t<img\n\t\t\t\t\t\tsrc=\"https:\/\/www.adegamachado.pt\/wp-content\/uploads\/2025\/11\/WTF04596_compressed-683x1024.webp\"\n\t\t\t\t\t\talt=\"Detalhe do bra\u00e7o e cordas da guitarra portuguesa durante espect\u00e1culo de fado na Adega Machado, Lisboa\"\n\t\t\t\t\t\twidth=\"683\"\n\t\t\t\t\t\theight=\"1024\"\n\t\t\t\t\t\tloading=\"lazy\"\n\t\t\t\t\t\tfetchpriority=\"auto\" \/>\n\t\t\t\t\t\t\t\t\t\t\t\t\t\t<\/figure>\n\t\t\t\t\t\t\t\t<figure class=\"ff-galeria-item\"\n\t\t\t\t\tdata-cats=\"fado\"\n\t\t\t\t\tdata-index=\"25\"\n\t\t\t\t\tdata-full=\"https:\/\/www.adegamachado.pt\/wp-content\/uploads\/2025\/11\/WTF04611_compressed-scaled.webp\"\n\t\t\t\t\tdata-title=\"O guitarrista\"\n\t\t\t\t\tdata-caption=\"Concentrado no momento, o guitarrista portugu\u00eas mant\u00e9m a tradi\u00e7\u00e3o viva. O fado precisa destes sil\u00eancios \u2014 entre nota e nota, onde cabe toda a saudade.\"\n\t\t\t\t\tdata-cat-name=\"Fado\"\n\t\t\t\t\tdata-alt=\"Retrato de m\u00fasico a tocar guitarra portuguesa durante noite de fado na Adega Machado, Lisboa\">\n\t\t\t\t\t<img\n\t\t\t\t\t\tsrc=\"https:\/\/www.adegamachado.pt\/wp-content\/uploads\/2025\/11\/WTF04611_compressed-683x1024.webp\"\n\t\t\t\t\t\talt=\"Retrato de m\u00fasico a tocar guitarra portuguesa durante noite de fado na Adega Machado, Lisboa\"\n\t\t\t\t\t\twidth=\"683\"\n\t\t\t\t\t\theight=\"1024\"\n\t\t\t\t\t\tloading=\"lazy\"\n\t\t\t\t\t\tfetchpriority=\"auto\" \/>\n\t\t\t\t\t\t\t\t\t\t\t\t\t\t<\/figure>\n\t\t\t\t\t\t\t\t<figure class=\"ff-galeria-item\"\n\t\t\t\t\tdata-cats=\"fado\"\n\t\t\t\t\tdata-index=\"26\"\n\t\t\t\t\tdata-full=\"https:\/\/www.adegamachado.pt\/wp-content\/uploads\/2025\/11\/WTF04761_compressed-scaled.webp\"\n\t\t\t\t\tdata-title=\"Fadista em interpreta\u00e7\u00e3o\"\n\t\t\t\t\tdata-caption=\"Olhos fechados \u2014 n\u00e3o para se isolar, mas para se entregar. Cantar fado \u00e9 dar a voz a uma emo\u00e7\u00e3o que n\u00e3o cabe nas palavras.\"\n\t\t\t\t\tdata-cat-name=\"Fado\"\n\t\t\t\t\tdata-alt=\"Fadista de camisa azul interpreta um fado com olhos fechados na Adega Machado, Bairro Alto, Lisboa\">\n\t\t\t\t\t<img\n\t\t\t\t\t\tsrc=\"https:\/\/www.adegamachado.pt\/wp-content\/uploads\/2025\/11\/WTF04761_compressed-683x1024.webp\"\n\t\t\t\t\t\talt=\"Fadista de camisa azul interpreta um fado com olhos fechados na Adega Machado, Bairro Alto, Lisboa\"\n\t\t\t\t\t\twidth=\"683\"\n\t\t\t\t\t\theight=\"1024\"\n\t\t\t\t\t\tloading=\"lazy\"\n\t\t\t\t\t\tfetchpriority=\"auto\" \/>\n\t\t\t\t\t\t\t\t\t\t\t\t\t\t<\/figure>\n\t\t\t\t\t\t\t\t<figure class=\"ff-galeria-item\"\n\t\t\t\t\tdata-cats=\"fado\"\n\t\t\t\t\tdata-index=\"27\"\n\t\t\t\t\tdata-full=\"https:\/\/www.adegamachado.pt\/wp-content\/uploads\/2025\/11\/WTF05069_compressed-scaled.webp\"\n\t\t\t\t\tdata-title=\"A can\u00e7\u00e3o\"\n\t\t\t\t\tdata-caption=\"Cantar fado \u00e9 estar s\u00f3, mesmo no meio da sala. A fadista entra na can\u00e7\u00e3o e o que se ouve n\u00e3o \u00e9 apenas a voz \u2014 \u00e9 o sil\u00eancio \u00e0 volta dela.\"\n\t\t\t\t\tdata-cat-name=\"Fado\"\n\t\t\t\t\tdata-alt=\"Fadista canta de p\u00e9 em ambiente escuro durante espect\u00e1culo na Adega Machado, Lisboa\">\n\t\t\t\t\t<img\n\t\t\t\t\t\tsrc=\"https:\/\/www.adegamachado.pt\/wp-content\/uploads\/2025\/11\/WTF05069_compressed-683x1024.webp\"\n\t\t\t\t\t\talt=\"Fadista canta de p\u00e9 em ambiente escuro durante espect\u00e1culo na Adega Machado, Lisboa\"\n\t\t\t\t\t\twidth=\"683\"\n\t\t\t\t\t\theight=\"1024\"\n\t\t\t\t\t\tloading=\"lazy\"\n\t\t\t\t\t\tfetchpriority=\"auto\" \/>\n\t\t\t\t\t\t\t\t\t\t\t\t\t\t<\/figure>\n\t\t\t\t\t\t\t\t<figure class=\"ff-galeria-item\"\n\t\t\t\t\tdata-cats=\"a-casa\"\n\t\t\t\t\tdata-index=\"28\"\n\t\t\t\t\tdata-full=\"https:\/\/www.adegamachado.pt\/wp-content\/uploads\/2025\/11\/WTF05192_compressed-scaled.webp\"\n\t\t\t\t\tdata-title=\"Fado \u00e0 porta da casa\"\n\t\t\t\t\tdata-caption=\"\u00c0s vezes o fado sai \u00e0 rua \u2014 como saiu sempre, no Bairro Alto. As paredes amarelas conhecem cada voz que ali cantou desde 1937.\"\n\t\t\t\t\tdata-cat-name=\"A Casa\"\n\t\t\t\t\tdata-alt=\"Fadista e m\u00fasico cantam em frente \u00e0 fachada amarela com letreiro neon ADEGA MACHADO, Bairro Alto, Lisboa\">\n\t\t\t\t\t<img\n\t\t\t\t\t\tsrc=\"https:\/\/www.adegamachado.pt\/wp-content\/uploads\/2025\/11\/WTF05192_compressed-683x1024.webp\"\n\t\t\t\t\t\talt=\"Fadista e m\u00fasico cantam em frente \u00e0 fachada amarela com letreiro neon ADEGA MACHADO, Bairro Alto, Lisboa\"\n\t\t\t\t\t\twidth=\"683\"\n\t\t\t\t\t\theight=\"1024\"\n\t\t\t\t\t\tloading=\"lazy\"\n\t\t\t\t\t\tfetchpriority=\"auto\" \/>\n\t\t\t\t\t\t\t\t\t\t\t\t\t\t<\/figure>\n\t\t\t\t\t\t\t\t<figure class=\"ff-galeria-item\"\n\t\t\t\t\tdata-cats=\"fado\"\n\t\t\t\t\tdata-index=\"29\"\n\t\t\t\t\tdata-full=\"https:\/\/www.adegamachado.pt\/wp-content\/uploads\/2025\/11\/WTF05183_compressed-scaled.webp\"\n\t\t\t\t\tdata-title=\"Fadista de perfil\"\n\t\t\t\t\tdata-caption=\"A luz vem de lado, como num retrato pintado. O fado nasceu nas tabernas do Bairro Alto \u2014 e ainda mant\u00e9m esta forma de iluminar quem canta.\"\n\t\t\t\t\tdata-cat-name=\"Fado\"\n\t\t\t\t\tdata-alt=\"Fadista em perfil canta na Adega Machado com luz suave e ambiente caracter\u00edstico de casa de fado lisboeta\">\n\t\t\t\t\t<img\n\t\t\t\t\t\tsrc=\"https:\/\/www.adegamachado.pt\/wp-content\/uploads\/2025\/11\/WTF05183_compressed-683x1024.webp\"\n\t\t\t\t\t\talt=\"Fadista em perfil canta na Adega Machado com luz suave e ambiente caracter\u00edstico de casa de fado lisboeta\"\n\t\t\t\t\t\twidth=\"683\"\n\t\t\t\t\t\theight=\"1024\"\n\t\t\t\t\t\tloading=\"lazy\"\n\t\t\t\t\t\tfetchpriority=\"auto\" \/>\n\t\t\t\t\t\t\t\t\t\t\t\t\t\t<\/figure>\n\t\t\t\t\t\t\t\t<figure class=\"ff-galeria-item\"\n\t\t\t\t\tdata-cats=\"fado\"\n\t\t\t\t\tdata-index=\"30\"\n\t\t\t\t\tdata-full=\"https:\/\/www.adegamachado.pt\/wp-content\/uploads\/2025\/11\/WTF05206_compressed-scaled.webp\"\n\t\t\t\t\tdata-title=\"O sil\u00eancio do fado\"\n\t\t\t\t\tdata-caption=\"H\u00e1 fados em que o sil\u00eancio pesa mais do que a voz. A fadista entra na can\u00e7\u00e3o e demora a sair \u2014 quem assiste, demora tamb\u00e9m.\"\n\t\t\t\t\tdata-cat-name=\"Fado\"\n\t\t\t\t\tdata-alt=\"Fadista canta sozinha em momento intimista na Adega Machado, casa de fado em Lisboa desde 1937\">\n\t\t\t\t\t<img\n\t\t\t\t\t\tsrc=\"https:\/\/www.adegamachado.pt\/wp-content\/uploads\/2025\/11\/WTF05206_compressed-683x1024.webp\"\n\t\t\t\t\t\talt=\"Fadista canta sozinha em momento intimista na Adega Machado, casa de fado em Lisboa desde 1937\"\n\t\t\t\t\t\twidth=\"683\"\n\t\t\t\t\t\theight=\"1024\"\n\t\t\t\t\t\tloading=\"lazy\"\n\t\t\t\t\t\tfetchpriority=\"auto\" \/>\n\t\t\t\t\t\t\t\t\t\t\t\t\t\t<\/figure>\n\t\t\t\t\t\t\t\t<figure class=\"ff-galeria-item\"\n\t\t\t\t\tdata-cats=\"gastronomia\"\n\t\t\t\t\tdata-index=\"31\"\n\t\t\t\t\tdata-full=\"https:\/\/www.adegamachado.pt\/wp-content\/uploads\/2025\/11\/WTF04090_compressed-1-scaled.webp\"\n\t\t\t\t\tdata-title=\"Couvert da casa\"\n\t\t\t\t\tdata-caption=\"\"\n\t\t\t\t\tdata-cat-name=\"Gastronomia\"\n\t\t\t\t\tdata-alt=\"Couvert da Adega Machado: bandeja com p\u00e3o, manteiga, azeitonas e entradas, servido sobre toalha branca, Lisboa\">\n\t\t\t\t\t<img\n\t\t\t\t\t\tsrc=\"https:\/\/www.adegamachado.pt\/wp-content\/uploads\/2025\/11\/WTF04090_compressed-1-683x1024.webp\"\n\t\t\t\t\t\talt=\"Couvert da Adega Machado: bandeja com p\u00e3o, manteiga, azeitonas e entradas, servido sobre toalha branca, Lisboa\"\n\t\t\t\t\t\twidth=\"683\"\n\t\t\t\t\t\theight=\"1024\"\n\t\t\t\t\t\tloading=\"lazy\"\n\t\t\t\t\t\tfetchpriority=\"auto\" \/>\n\t\t\t\t\t\t\t\t\t\t\t\t\t\t<\/figure>\n\t\t\t\t\t\t\t\t<figure class=\"ff-galeria-item\"\n\t\t\t\t\tdata-cats=\"gastronomia\"\n\t\t\t\t\tdata-index=\"32\"\n\t\t\t\t\tdata-full=\"https:\/\/www.adegamachado.pt\/wp-content\/uploads\/2025\/11\/WTF04100_compressed-1-scaled.webp\"\n\t\t\t\t\tdata-title=\"Creme da casa\"\n\t\t\t\t\tdata-caption=\"\"\n\t\t\t\t\tdata-cat-name=\"Gastronomia\"\n\t\t\t\t\tdata-alt=\"Creme servido em prato triangular sobre toalha amarela na Adega Machado, Lisboa\">\n\t\t\t\t\t<img\n\t\t\t\t\t\tsrc=\"https:\/\/www.adegamachado.pt\/wp-content\/uploads\/2025\/11\/WTF04100_compressed-1-683x1024.webp\"\n\t\t\t\t\t\talt=\"Creme servido em prato triangular sobre toalha amarela na Adega Machado, Lisboa\"\n\t\t\t\t\t\twidth=\"683\"\n\t\t\t\t\t\theight=\"1024\"\n\t\t\t\t\t\tloading=\"lazy\"\n\t\t\t\t\t\tfetchpriority=\"auto\" \/>\n\t\t\t\t\t\t\t\t\t\t\t\t\t\t<\/figure>\n\t\t\t\t\t\t\t\t<figure class=\"ff-galeria-item\"\n\t\t\t\t\tdata-cats=\"gastronomia\"\n\t\t\t\t\tdata-index=\"33\"\n\t\t\t\t\tdata-full=\"https:\/\/www.adegamachado.pt\/wp-content\/uploads\/2025\/11\/WTF04191_compressed-1-scaled.webp\"\n\t\t\t\t\tdata-title=\"Vinho ros\u00e9 servido \u00e0 mesa\"\n\t\t\t\t\tdata-caption=\"\"\n\t\t\t\t\tdata-cat-name=\"Gastronomia\"\n\t\t\t\t\tdata-alt=\"Vinho ros\u00e9 sendo servido em copo na Adega Machado, casa de fado em Lisboa\">\n\t\t\t\t\t<img\n\t\t\t\t\t\tsrc=\"https:\/\/www.adegamachado.pt\/wp-content\/uploads\/2025\/11\/WTF04191_compressed-1-683x1024.webp\"\n\t\t\t\t\t\talt=\"Vinho ros\u00e9 sendo servido em copo na Adega Machado, casa de fado em Lisboa\"\n\t\t\t\t\t\twidth=\"683\"\n\t\t\t\t\t\theight=\"1024\"\n\t\t\t\t\t\tloading=\"lazy\"\n\t\t\t\t\t\tfetchpriority=\"auto\" \/>\n\t\t\t\t\t\t\t\t\t\t\t\t\t\t<\/figure>\n\t\t\t\t\t\t\t\t<figure class=\"ff-galeria-item\"\n\t\t\t\t\tdata-cats=\"gastronomia\"\n\t\t\t\t\tdata-index=\"34\"\n\t\t\t\t\tdata-full=\"https:\/\/www.adegamachado.pt\/wp-content\/uploads\/2025\/11\/WTF04203_compressed-scaled.webp\"\n\t\t\t\t\tdata-title=\"Mesa posta\"\n\t\t\t\t\tdata-caption=\"\"\n\t\t\t\t\tdata-cat-name=\"Gastronomia\"\n\t\t\t\t\tdata-alt=\"Garrafa de \u00e1gua e tigelas de manteiga e tapenade sobre mesa com toalha branca na Adega Machado, Lisboa\">\n\t\t\t\t\t<img\n\t\t\t\t\t\tsrc=\"https:\/\/www.adegamachado.pt\/wp-content\/uploads\/2025\/11\/WTF04203_compressed-683x1024.webp\"\n\t\t\t\t\t\talt=\"Garrafa de \u00e1gua e tigelas de manteiga e tapenade sobre mesa com toalha branca na Adega Machado, Lisboa\"\n\t\t\t\t\t\twidth=\"683\"\n\t\t\t\t\t\theight=\"1024\"\n\t\t\t\t\t\tloading=\"lazy\"\n\t\t\t\t\t\tfetchpriority=\"auto\" \/>\n\t\t\t\t\t\t\t\t\t\t\t\t\t\t<\/figure>\n\t\t\t\t\t\t\t\t<figure class=\"ff-galeria-item\"\n\t\t\t\t\tdata-cats=\"gastronomia\"\n\t\t\t\t\tdata-index=\"35\"\n\t\t\t\t\tdata-full=\"https:\/\/www.adegamachado.pt\/wp-content\/uploads\/2025\/11\/WTF04247_compressed-scaled.webp\"\n\t\t\t\t\tdata-title=\"Peixe do dia\"\n\t\t\t\t\tdata-caption=\"\"\n\t\t\t\t\tdata-cat-name=\"Gastronomia\"\n\t\t\t\t\tdata-alt=\"Peixe do dia com vegetais e tuile vermelha em prato branco na Adega Machado, Lisboa\">\n\t\t\t\t\t<img\n\t\t\t\t\t\tsrc=\"https:\/\/www.adegamachado.pt\/wp-content\/uploads\/2025\/11\/WTF04247_compressed-683x1024.webp\"\n\t\t\t\t\t\talt=\"Peixe do dia com vegetais e tuile vermelha em prato branco na Adega Machado, Lisboa\"\n\t\t\t\t\t\twidth=\"683\"\n\t\t\t\t\t\theight=\"1024\"\n\t\t\t\t\t\tloading=\"lazy\"\n\t\t\t\t\t\tfetchpriority=\"auto\" \/>\n\t\t\t\t\t\t\t\t\t\t\t\t\t\t<\/figure>\n\t\t\t\t\t\t\t\t<figure class=\"ff-galeria-item\"\n\t\t\t\t\tdata-cats=\"gastronomia\"\n\t\t\t\t\tdata-index=\"36\"\n\t\t\t\t\tdata-full=\"https:\/\/www.adegamachado.pt\/wp-content\/uploads\/2025\/11\/WTF04301_compressed-scaled.webp\"\n\t\t\t\t\tdata-title=\"Past\u00e9is de massa tenra\"\n\t\t\t\t\tdata-caption=\"\"\n\t\t\t\t\tdata-cat-name=\"Gastronomia\"\n\t\t\t\t\tdata-alt=\"Past\u00e9is de massa tenra servidos sobre bandeja preta com azeitonas e p\u00e3o na Adega Machado, Lisboa\">\n\t\t\t\t\t<img\n\t\t\t\t\t\tsrc=\"https:\/\/www.adegamachado.pt\/wp-content\/uploads\/2025\/11\/WTF04301_compressed-683x1024.webp\"\n\t\t\t\t\t\talt=\"Past\u00e9is de massa tenra servidos sobre bandeja preta com azeitonas e p\u00e3o na Adega Machado, Lisboa\"\n\t\t\t\t\t\twidth=\"683\"\n\t\t\t\t\t\theight=\"1024\"\n\t\t\t\t\t\tloading=\"lazy\"\n\t\t\t\t\t\tfetchpriority=\"auto\" \/>\n\t\t\t\t\t\t\t\t\t\t\t\t\t\t<\/figure>\n\t\t\t\t\t\t<\/div>\n\t<\/div>\n\n\t<div class=\"ff-lightbox\" id=\"ff-lightbox\" role=\"dialog\" aria-modal=\"true\" aria-hidden=\"true\" aria-label=\"Photo viewer\">\n\t\t<button class=\"ff-lightbox-close\" aria-label=\"Close\">\u00d7<\/button>\n\t\t<button class=\"ff-lightbox-nav ff-lightbox-prev\" aria-label=\"Previous\">\u2039<\/button>\n\t\t<button class=\"ff-lightbox-nav ff-lightbox-next\" aria-label=\"Next\">\u203a<\/button>\n\t\t<div class=\"ff-lightbox-inner\">\n\t\t\t<div class=\"ff-lightbox-image\"><img decoding=\"async\" id=\"ff-lb-img\" src=\"\" alt=\"\"><\/div>\n\t\t\t<div class=\"ff-lightbox-info\">\n\t\t\t\t<div class=\"ff-lightbox-cat-badge\" id=\"ff-lb-cat\"><\/div>\n\t\t\t\t<h2 class=\"ff-lightbox-title\" id=\"ff-lb-title\"><\/h2>\n\t\t\t\t<p class=\"ff-lightbox-caption\" id=\"ff-lb-caption\"><\/p>\n\t\t\t\t<div class=\"ff-lightbox-counter\" id=\"ff-lb-counter\"><\/div>\n\t\t\t<\/div>\n\t\t<\/div>\n\t<\/div>\n\t<\/div>\n\t\t\t\t\t\t<\/div>\n\t\t\t\t\t<\/div>\n\t\t\t\t<\/div>\n\t\t<div class=\"elementor-element elementor-element-a137297 e-con-full e-flex e-con e-parent\" data-id=\"a137297\" data-element_type=\"container\" data-e-type=\"container\" data-settings=\"{&quot;background_background&quot;:&quot;classic&quot;}\">\n\t\t<div class=\"elementor-element elementor-element-97d6be9 e-con-full e-flex e-con e-child\" data-id=\"97d6be9\" data-element_type=\"container\" data-e-type=\"container\">\n\t\t\t\t<div class=\"elementor-element elementor-element-e01dc7a elementor-widget elementor-widget-html\" data-id=\"e01dc7a\" data-element_type=\"widget\" data-e-type=\"widget\" data-widget_type=\"html.default\">\n\t\t\t\t\t<svg xmlns=\"http:\/\/www.w3.org\/2000\/svg\" width=\"103\" height=\"68\" viewbox=\"0 0 103 68\" fill=\"none\">\n  <g clip-path=\"url(#clip0_2263_12028)\">\n    <path d=\"M42.97 58.5499H38.02C42.33 56.8199 44.08 52.8399 42.25 47.8499L27.53 7.91992H22.12L22.85 9.79992L7.31 51.6399C5.27 56.9999 3.88 58.5899 0.73 58.5899H0V59.5999H14.26V58.5799H4.09C4.72 58.5799 5.77 56.9099 6.07 56.4599C6.69 55.5099 7.19 54.4699 7.62 53.4199C10.67 46.0399 13.25 38.4899 16.03 30.9999C17.85 26.0999 19.67 21.1999 21.49 16.2999C22.1 14.6599 22.57 12.8199 23.36 11.2499C23.26 11.4399 23.83 12.5199 23.91 12.7499C24.13 13.3399 24.35 13.9299 24.57 14.5199C24.99 15.6499 25.42 16.7899 25.84 17.9199C26.69 20.1899 27.55 22.4499 28.39 24.7199C31.52 33.0999 34.53 41.5399 37.56 49.9499C39.39 55.0899 37.27 58.5599 32.23 58.5599H31.5V59.5699H32.23L42.96 59.5599V58.5499H42.97Z\" fill=\"white\"\/>\n    <path d=\"M82.08 53.1C79.43 53.1 76.6 53.43 74.33 53.76C73.53 53.88 73.17 52.57 72.81 51.71C72.34 50.59 72.03 49.37 71.83 48.18C70.9 42.7 72.51 37.19 74.71 32.21C76.93 27.16 79.66 22.27 82.55 17.57C83.73 15.64 85 13.75 86.38 11.92C88.51 9.10001 90.93 6.38001 94.01 4.33001C96.63 2.59001 99.69 1.35001 102.91 0.740008C102.43 0.0700078 101.36 -0.0199922 100.45 7.83638e-06C81.4 0.570008 70.87 18.3 60.97 29.92C59.25 31.94 57.49 33.92 55.6 35.82C53.9 37.52 51.21 39.08 49.81 40.92C59.53 28.21 59.01 8.49001 75.73 0.320008C65.18 2.03001 56.72 8.91001 50.37 16.43C44.02 23.95 39.12 32.38 32.07 39.4C29.58 42.14 24.97 45 21.11 42.65C23.12 41.13 20.93 38.55 18.67 39.75C17.45 40.48 17.54 42.21 18.55 43.15C22.66 46.19 29.23 42.97 32.59 40.2C38.01 35.83 41.35 29.92 45.1 24.38C51.38 15.1 59.57 6.22001 70.9 1.88001C54.43 10.8 53.91 29.87 46.56 43.94C46.87 43.34 48.64 42.57 49.25 42.13C50.28 41.38 51.28 40.6 52.25 39.79C54.13 38.22 55.88 36.55 57.56 34.82C60.97 31.3 64.04 27.55 67.15 23.83C70.92 19.31 74.72 14.72 79.24 10.73C83.54 6.94001 89.02 4.07001 94.26 1.39001C86.33 5.45001 85.58 8.65001 78.44 19.99C74.43 26.35 70.31 34.4 69.47 41.97C69.06 45.69 69.14 49.98 70.45 53.58C70.6 54 70.38 54.45 69.94 54.56C63.88 56.1 57.89 58.74 51.54 58.52C50.43 58.48 49.29 58.34 48.3 57.85C47.81 57.6 47.34 57.25 47.11 56.75C46.65 55.76 47.44 54.84 48.45 54.81C48.54 54.81 48.64 54.81 48.75 54.82C48.81 56.82 51.74 57.04 52.54 54.82C52.95 53.46 51.73 52.24 50.35 52.22C49.42 52.31 48.58 52.63 47.81 53.1C46.61 53.76 45.72 54.92 46.09 56.5C46.28 57.3 46.79 57.99 47.46 58.47C50.7 60.81 56.3 59.93 60 59.43C63.61 58.94 67.2 58.18 70.69 57.11C71.63 56.82 71.65 56.67 72.26 57.31C72.65 57.72 72.92 58.36 73.25 58.82C73.93 59.76 74.68 60.64 75.51 61.45C79.25 65.11 84.28 66.95 89.43 67.41C90.42 67.5 91.42 67.54 92.42 67.54C98.06 67.54 100.44 65.72 100.44 63.39C100.44 59.13 92.54 53.11 82.09 53.11L82.08 53.1ZM90.7 65.81C83.16 65.81 77.15 61.93 74.47 56.04C74.39 55.87 74.49 55.67 74.67 55.63C77.36 55.01 81.02 54.65 83.57 54.65C92.03 54.65 97.33 58.91 97.33 62.17C97.33 64.16 95.28 65.82 90.7 65.82V65.81Z\" fill=\"white\"\/>\n  <\/g>\n  <defs>\n    <clippath id=\"clip0_2263_12028\">\n      <rect width=\"102.9\" height=\"67.52\" fill=\"white\"\/>\n    <\/clippath>\n  <\/defs>\n<\/svg>\t\t\t\t<\/div>\n\t\t<div class=\"elementor-element elementor-element-1037c4c e-con-full e-flex e-con e-child\" data-id=\"1037c4c\" data-element_type=\"container\" data-e-type=\"container\">\n\t\t<div class=\"elementor-element elementor-element-f980921 e-con-full e-flex e-con e-child\" data-id=\"f980921\" data-element_type=\"container\" data-e-type=\"container\">\n\t\t\t\t<div class=\"elementor-element elementor-element-5bfc116 elementor-icon-list--layout-traditional elementor-list-item-link-full_width elementor-widget elementor-widget-icon-list\" data-id=\"5bfc116\" data-element_type=\"widget\" data-e-type=\"widget\" data-widget_type=\"icon-list.default\">\n\t\t\t\t\t\t\t<ul class=\"elementor-icon-list-items\">\n\t\t\t\t\t\t\t<li class=\"elementor-icon-list-item\">\n\t\t\t\t\t\t\t\t\t\t\t<a href=\"https:\/\/maps.app.goo.gl\/LXd8WchwHLQszErd8\">\n\n\t\t\t\t\t\t\t\t\t\t\t\t<span class=\"elementor-icon-list-icon\">\n\t\t\t\t\t\t\t<svg aria-hidden=\"true\" class=\"e-font-icon-svg e-fas-map-marker-alt\" viewbox=\"0 0 384 512\" xmlns=\"http:\/\/www.w3.org\/2000\/svg\"><path d=\"M172.268 501.67C26.97 291.031 0 269.413 0 192 0 85.961 85.961 0 192 0s192 85.961 192 192c0 77.413-26.97 99.031-172.268 309.67-9.535 13.774-29.93 13.773-39.464 0zM192 272c44.183 0 80-35.817 80-80s-35.817-80-80-80-80 35.817-80 80 35.817 80 80 80z\"><\/path><\/svg>\t\t\t\t\t\t<\/span>\n\t\t\t\t\t\t\t\t\t\t<span class=\"elementor-icon-list-text\">R. do Norte 91, <br> 1200-284 Lisboa<\/span>\n\t\t\t\t\t\t\t\t\t\t\t<\/a>\n\t\t\t\t\t\t\t\t\t<\/li>\n\t\t\t\t\t\t\t\t<li class=\"elementor-icon-list-item\">\n\t\t\t\t\t\t\t\t\t\t\t<span class=\"elementor-icon-list-icon\">\n\t\t\t\t\t\t\t<svg aria-hidden=\"true\" class=\"e-font-icon-svg e-fas-phone-alt\" viewbox=\"0 0 512 512\" xmlns=\"http:\/\/www.w3.org\/2000\/svg\"><path d=\"M497.39 361.8l-112-48a24 24 0 0 0-28 6.9l-49.6 60.6A370.66 370.66 0 0 1 130.6 204.11l60.6-49.6a23.94 23.94 0 0 0 6.9-28l-48-112A24.16 24.16 0 0 0 122.6.61l-104 24A24 24 0 0 0 0 48c0 256.5 207.9 464 464 464a24 24 0 0 0 23.4-18.6l24-104a24.29 24.29 0 0 0-14.01-27.6z\"><\/path><\/svg>\t\t\t\t\t\t<\/span>\n\t\t\t\t\t\t\t\t\t\t<span class=\"elementor-icon-list-text\"><a href=\"tel:+351213422282\" style=\"color: inherit;text-decoration: none\">(+351) 213 422 282<\/a><\/span>\n\t\t\t\t\t\t\t\t\t<\/li>\n\t\t\t\t\t\t\t\t<li class=\"elementor-icon-list-item\">\n\t\t\t\t\t\t\t\t\t\t\t<span class=\"elementor-icon-list-icon\">\n\t\t\t\t\t\t\t<svg aria-hidden=\"true\" class=\"e-font-icon-svg e-far-envelope\" viewbox=\"0 0 512 512\" xmlns=\"http:\/\/www.w3.org\/2000\/svg\"><path d=\"M464 64H48C21.49 64 0 85.49 0 112v288c0 26.51 21.49 48 48 48h416c26.51 0 48-21.49 48-48V112c0-26.51-21.49-48-48-48zm0 48v40.805c-22.422 18.259-58.168 46.651-134.587 106.49-16.841 13.247-50.201 45.072-73.413 44.701-23.208.375-56.579-31.459-73.413-44.701C106.18 199.465 70.425 171.067 48 152.805V112h416zM48 400V214.398c22.914 18.251 55.409 43.862 104.938 82.646 21.857 17.205 60.134 55.186 103.062 54.955 42.717.231 80.509-37.199 103.053-54.947 49.528-38.783 82.032-64.401 104.947-82.653V400H48z\"><\/path><\/svg>\t\t\t\t\t\t<\/span>\n\t\t\t\t\t\t\t\t\t\t<span class=\"elementor-icon-list-text\"><a href=\"mailto:adegamachado@fadoandfood.pt\" style=\"color: inherit;text-decoration: none\">adegamachado@fadoandfood.pt<\/a><\/span>\n\t\t\t\t\t\t\t\t\t<\/li>\n\t\t\t\t\t\t<\/ul>\n\t\t\t\t\t\t<\/div>\n\t\t\t\t<div class=\"elementor-element elementor-element-6ffb5d9 elementor-icon-list--layout-inline elementor-hidden-tablet elementor-hidden-mobile elementor-list-item-link-full_width elementor-widget elementor-widget-icon-list\" data-id=\"6ffb5d9\" data-element_type=\"widget\" data-e-type=\"widget\" data-widget_type=\"icon-list.default\">\n\t\t\t\t\t\t\t<ul class=\"elementor-icon-list-items elementor-inline-items\">\n\t\t\t\t\t\t\t<li class=\"elementor-icon-list-item elementor-inline-item\">\n\t\t\t\t\t\t\t\t\t\t\t<a href=\"https:\/\/www.facebook.com\/adegamachado\/\">\n\n\t\t\t\t\t\t\t\t\t\t\t\t<span class=\"elementor-icon-list-icon\">\n\t\t\t\t\t\t\t<svg aria-hidden=\"true\" class=\"e-font-icon-svg e-fab-facebook\" viewbox=\"0 0 512 512\" xmlns=\"http:\/\/www.w3.org\/2000\/svg\"><path d=\"M504 256C504 119 393 8 256 8S8 119 8 256c0 123.78 90.69 226.38 209.25 245V327.69h-63V256h63v-54.64c0-62.15 37-96.48 93.67-96.48 27.14 0 55.52 4.84 55.52 4.84v61h-31.28c-30.8 0-40.41 19.12-40.41 38.73V256h68.78l-11 71.69h-57.78V501C413.31 482.38 504 379.78 504 256z\"><\/path><\/svg>\t\t\t\t\t\t<\/span>\n\t\t\t\t\t\t\t\t\t\t<span class=\"elementor-icon-list-text\"><\/span>\n\t\t\t\t\t\t\t\t\t\t\t<\/a>\n\t\t\t\t\t\t\t\t\t<\/li>\n\t\t\t\t\t\t\t\t<li class=\"elementor-icon-list-item elementor-inline-item\">\n\t\t\t\t\t\t\t\t\t\t\t<a href=\"https:\/\/www.instagram.com\/adegamachado\/\">\n\n\t\t\t\t\t\t\t\t\t\t\t\t<span class=\"elementor-icon-list-icon\">\n\t\t\t\t\t\t\t<svg aria-hidden=\"true\" class=\"e-font-icon-svg e-fab-instagram\" viewbox=\"0 0 448 512\" xmlns=\"http:\/\/www.w3.org\/2000\/svg\"><path d=\"M224.1 141c-63.6 0-114.9 51.3-114.9 114.9s51.3 114.9 114.9 114.9S339 319.5 339 255.9 287.7 141 224.1 141zm0 189.6c-41.1 0-74.7-33.5-74.7-74.7s33.5-74.7 74.7-74.7 74.7 33.5 74.7 74.7-33.6 74.7-74.7 74.7zm146.4-194.3c0 14.9-12 26.8-26.8 26.8-14.9 0-26.8-12-26.8-26.8s12-26.8 26.8-26.8 26.8 12 26.8 26.8zm76.1 27.2c-1.7-35.9-9.9-67.7-36.2-93.9-26.2-26.2-58-34.4-93.9-36.2-37-2.1-147.9-2.1-184.9 0-35.8 1.7-67.6 9.9-93.9 36.1s-34.4 58-36.2 93.9c-2.1 37-2.1 147.9 0 184.9 1.7 35.9 9.9 67.7 36.2 93.9s58 34.4 93.9 36.2c37 2.1 147.9 2.1 184.9 0 35.9-1.7 67.7-9.9 93.9-36.2 26.2-26.2 34.4-58 36.2-93.9 2.1-37 2.1-147.8 0-184.8zM398.8 388c-7.8 19.6-22.9 34.7-42.6 42.6-29.5 11.7-99.5 9-132.1 9s-102.7 2.6-132.1-9c-19.6-7.8-34.7-22.9-42.6-42.6-11.7-29.5-9-99.5-9-132.1s-2.6-102.7 9-132.1c7.8-19.6 22.9-34.7 42.6-42.6 29.5-11.7 99.5-9 132.1-9s102.7-2.6 132.1 9c19.6 7.8 34.7 22.9 42.6 42.6 11.7 29.5 9 99.5 9 132.1s2.7 102.7-9 132.1z\"><\/path><\/svg>\t\t\t\t\t\t<\/span>\n\t\t\t\t\t\t\t\t\t\t<span class=\"elementor-icon-list-text\"><\/span>\n\t\t\t\t\t\t\t\t\t\t\t<\/a>\n\t\t\t\t\t\t\t\t\t<\/li>\n\t\t\t\t\t\t<\/ul>\n\t\t\t\t\t\t<\/div>\n\t\t\t\t<\/div>\n\t\t<div class=\"elementor-element elementor-element-2b02f83 e-con-full e-flex e-con e-child\" data-id=\"2b02f83\" data-element_type=\"container\" data-e-type=\"container\">\n\t\t\t\t<div class=\"elementor-element elementor-element-c0b68d0 elementor-widget elementor-widget-text-editor\" data-id=\"c0b68d0\" data-element_type=\"widget\" data-e-type=\"widget\" data-widget_type=\"text-editor.default\">\n\t\t\t\t\t\t\t\t\t<p>Opening\/Closing Hours<\/p>\t\t\t\t\t\t\t\t<\/div>\n\t\t\t\t<div class=\"elementor-element elementor-element-c35e425 elementor-widget elementor-widget-text-editor\" data-id=\"c35e425\" data-element_type=\"widget\" data-e-type=\"widget\" data-widget_type=\"text-editor.default\">\n\t\t\t\t\t\t\t\t\t<p><span style=\"text-decoration: underline;\">Open every day<\/span> from 19h30 to 01h00<\/p><p><span style=\"text-decoration: underline;\">Fado Show<\/span> from 20h30 to 01h00<\/p><p><a href=\"\/en\/contactos\/\">Mais informa\u00e7\u00f5es<\/a><\/p>\t\t\t\t\t\t\t\t<\/div>\n\t\t\t\t<\/div>\n\t\t<div class=\"elementor-element elementor-element-fc3be9f e-con-full e-flex e-con e-child\" data-id=\"fc3be9f\" data-element_type=\"container\" data-e-type=\"container\">\n\t\t\t\t<div class=\"elementor-element elementor-element-3210e41 elementor-widget elementor-widget-heading\" data-id=\"3210e41\" data-element_type=\"widget\" data-e-type=\"widget\" data-widget_type=\"heading.default\">\n\t\t\t\t\t<p class=\"elementor-heading-title elementor-size-default\">Fado &amp; Food Group<\/p>\t\t\t\t<\/div>\n\t\t\t\t<div class=\"elementor-element elementor-element-d3867e3 elementor-widget elementor-widget-heading\" data-id=\"d3867e3\" data-element_type=\"widget\" data-e-type=\"widget\" data-widget_type=\"heading.default\">\n\t\t\t\t\t<p class=\"elementor-heading-title elementor-size-default\"><a href=\"https:\/\/www.adegamachado.pt\/en\/\">Adega Machado<\/a><\/p>\t\t\t\t<\/div>\n\t\t\t\t<div class=\"elementor-element elementor-element-d68bd66 elementor-widget elementor-widget-heading\" data-id=\"d68bd66\" data-element_type=\"widget\" data-e-type=\"widget\" data-widget_type=\"heading.default\">\n\t\t\t\t\t<p class=\"elementor-heading-title elementor-size-default\"><a href=\"https:\/\/www.cafeluso.pt\/\">Caf\u00e9 Luso<\/a><\/p>\t\t\t\t<\/div>\n\t\t\t\t<div class=\"elementor-element elementor-element-e983c1d elementor-widget elementor-widget-heading\" data-id=\"e983c1d\" data-element_type=\"widget\" data-e-type=\"widget\" data-widget_type=\"heading.default\">\n\t\t\t\t\t<p class=\"elementor-heading-title elementor-size-default\"><a href=\"https:\/\/www.clubedefado.pt\/\">Clube de Fado<\/a><\/p>\t\t\t\t<\/div>\n\t\t\t\t<\/div>\n\t\t\t\t<div class=\"elementor-element elementor-element-c9f925e elementor-icon-list--layout-inline elementor-hidden-desktop elementor-list-item-link-full_width elementor-widget elementor-widget-icon-list\" data-id=\"c9f925e\" data-element_type=\"widget\" data-e-type=\"widget\" data-widget_type=\"icon-list.default\">\n\t\t\t\t\t\t\t<ul class=\"elementor-icon-list-items elementor-inline-items\">\n\t\t\t\t\t\t\t<li class=\"elementor-icon-list-item elementor-inline-item\">\n\t\t\t\t\t\t\t\t\t\t\t<a href=\"https:\/\/www.facebook.com\/adegamachado\/\">\n\n\t\t\t\t\t\t\t\t\t\t\t\t<span class=\"elementor-icon-list-icon\">\n\t\t\t\t\t\t\t<svg aria-hidden=\"true\" class=\"e-font-icon-svg e-fab-facebook\" viewbox=\"0 0 512 512\" xmlns=\"http:\/\/www.w3.org\/2000\/svg\"><path d=\"M504 256C504 119 393 8 256 8S8 119 8 256c0 123.78 90.69 226.38 209.25 245V327.69h-63V256h63v-54.64c0-62.15 37-96.48 93.67-96.48 27.14 0 55.52 4.84 55.52 4.84v61h-31.28c-30.8 0-40.41 19.12-40.41 38.73V256h68.78l-11 71.69h-57.78V501C413.31 482.38 504 379.78 504 256z\"><\/path><\/svg>\t\t\t\t\t\t<\/span>\n\t\t\t\t\t\t\t\t\t\t<span class=\"elementor-icon-list-text\"><\/span>\n\t\t\t\t\t\t\t\t\t\t\t<\/a>\n\t\t\t\t\t\t\t\t\t<\/li>\n\t\t\t\t\t\t\t\t<li class=\"elementor-icon-list-item elementor-inline-item\">\n\t\t\t\t\t\t\t\t\t\t\t<a href=\"https:\/\/www.instagram.com\/adegamachado\/\">\n\n\t\t\t\t\t\t\t\t\t\t\t\t<span class=\"elementor-icon-list-icon\">\n\t\t\t\t\t\t\t<svg aria-hidden=\"true\" class=\"e-font-icon-svg e-fab-instagram\" viewbox=\"0 0 448 512\" xmlns=\"http:\/\/www.w3.org\/2000\/svg\"><path d=\"M224.1 141c-63.6 0-114.9 51.3-114.9 114.9s51.3 114.9 114.9 114.9S339 319.5 339 255.9 287.7 141 224.1 141zm0 189.6c-41.1 0-74.7-33.5-74.7-74.7s33.5-74.7 74.7-74.7 74.7 33.5 74.7 74.7-33.6 74.7-74.7 74.7zm146.4-194.3c0 14.9-12 26.8-26.8 26.8-14.9 0-26.8-12-26.8-26.8s12-26.8 26.8-26.8 26.8 12 26.8 26.8zm76.1 27.2c-1.7-35.9-9.9-67.7-36.2-93.9-26.2-26.2-58-34.4-93.9-36.2-37-2.1-147.9-2.1-184.9 0-35.8 1.7-67.6 9.9-93.9 36.1s-34.4 58-36.2 93.9c-2.1 37-2.1 147.9 0 184.9 1.7 35.9 9.9 67.7 36.2 93.9s58 34.4 93.9 36.2c37 2.1 147.9 2.1 184.9 0 35.9-1.7 67.7-9.9 93.9-36.2 26.2-26.2 34.4-58 36.2-93.9 2.1-37 2.1-147.8 0-184.8zM398.8 388c-7.8 19.6-22.9 34.7-42.6 42.6-29.5 11.7-99.5 9-132.1 9s-102.7 2.6-132.1-9c-19.6-7.8-34.7-22.9-42.6-42.6-11.7-29.5-9-99.5-9-132.1s-2.6-102.7 9-132.1c7.8-19.6 22.9-34.7 42.6-42.6 29.5-11.7 99.5-9 132.1-9s102.7-2.6 132.1 9c19.6 7.8 34.7 22.9 42.6 42.6 11.7 29.5 9 99.5 9 132.1s2.7 102.7-9 132.1z\"><\/path><\/svg>\t\t\t\t\t\t<\/span>\n\t\t\t\t\t\t\t\t\t\t<span class=\"elementor-icon-list-text\"><\/span>\n\t\t\t\t\t\t\t\t\t\t\t<\/a>\n\t\t\t\t\t\t\t\t\t<\/li>\n\t\t\t\t\t\t<\/ul>\n\t\t\t\t\t\t<\/div>\n\t\t\t\t<\/div>\n\t\t\t\t<\/div>\n\t\t\t\t<div class=\"elementor-element elementor-element-71d718a elementor-widget-divider--view-line elementor-widget elementor-widget-divider\" data-id=\"71d718a\" data-element_type=\"widget\" data-e-type=\"widget\" data-widget_type=\"divider.default\">\n\t\t\t\t\t\t\t<div class=\"elementor-divider\">\n\t\t\t<span class=\"elementor-divider-separator\">\n\t\t\t\t\t\t<\/span>\n\t\t<\/div>\n\t\t\t\t\t\t<\/div>\n\t\t<div class=\"elementor-element elementor-element-9179d25 e-con-full elementor-hidden-tablet elementor-hidden-mobile e-flex e-con e-child\" data-id=\"9179d25\" data-element_type=\"container\" data-e-type=\"container\">\n\t\t\t\t<div class=\"elementor-element elementor-element-5ef828b elementor-widget elementor-widget-heading\" data-id=\"5ef828b\" data-element_type=\"widget\" data-e-type=\"widget\" data-widget_type=\"heading.default\">\n\t\t\t\t\t<p class=\"elementor-heading-title elementor-size-default\"><a href=\"https:\/\/www.adegamachado.pt\/en\/aviso-legal\/\">Legal Notice<\/a><\/p>\t\t\t\t<\/div>\n\t\t\t\t<div class=\"elementor-element elementor-element-1df7bff elementor-widget elementor-widget-heading\" data-id=\"1df7bff\" data-element_type=\"widget\" data-e-type=\"widget\" data-widget_type=\"heading.default\">\n\t\t\t\t\t<p class=\"elementor-heading-title elementor-size-default\"><a href=\"https:\/\/www.adegamachado.pt\/en\/privacidade\/\">Privacy Policy<\/a><\/p>\t\t\t\t<\/div>\n\t\t\t\t<div class=\"elementor-element elementor-element-be3a506 elementor-widget elementor-widget-heading\" data-id=\"be3a506\" data-element_type=\"widget\" data-e-type=\"widget\" data-widget_type=\"heading.default\">\n\t\t\t\t\t<p class=\"elementor-heading-title elementor-size-default\"><a href=\"https:\/\/www.adegamachado.pt\/en\/cookies\/\">Cookie Policy<\/a><\/p>\t\t\t\t<\/div>\n\t\t\t\t<div class=\"elementor-element elementor-element-251adf0 elementor-widget elementor-widget-heading\" data-id=\"251adf0\" data-element_type=\"widget\" data-e-type=\"widget\" data-widget_type=\"heading.default\">\n\t\t\t\t\t<p class=\"elementor-heading-title elementor-size-default\"><a href=\"https:\/\/www.adegamachado.pt\/en\/termos\/\">Terms and Conditions<\/a><\/p>\t\t\t\t<\/div>\n\t\t\t\t<div class=\"elementor-element elementor-element-4429bfb elementor-widget elementor-widget-heading\" data-id=\"4429bfb\" data-element_type=\"widget\" data-e-type=\"widget\" data-widget_type=\"heading.default\">\n\t\t\t\t\t<p class=\"elementor-heading-title elementor-size-default\"><a href=\"https:\/\/www.livroreclamacoes.pt\" target=\"_blank\" rel=\"nofollow\">Book of Complaints<\/a><\/p>\t\t\t\t<\/div>\n\t\t\t\t<\/div>\n\t\t<div class=\"elementor-element elementor-element-eeff751 e-grid e-con-full elementor-hidden-desktop e-con e-child\" data-id=\"eeff751\" data-element_type=\"container\" data-e-type=\"container\">\n\t\t\t\t<div class=\"elementor-element elementor-element-27ef549 elementor-widget elementor-widget-heading\" data-id=\"27ef549\" data-element_type=\"widget\" data-e-type=\"widget\" data-widget_type=\"heading.default\">\n\t\t\t\t\t<p class=\"elementor-heading-title elementor-size-default\"><a href=\"https:\/\/www.adegamachado.pt\/en\/aviso-legal\/\">Legal Notice<\/a><\/p>\t\t\t\t<\/div>\n\t\t\t\t<div class=\"elementor-element elementor-element-197a556 elementor-widget elementor-widget-heading\" data-id=\"197a556\" data-element_type=\"widget\" data-e-type=\"widget\" data-widget_type=\"heading.default\">\n\t\t\t\t\t<p class=\"elementor-heading-title elementor-size-default\"><a href=\"https:\/\/www.adegamachado.pt\/en\/privacidade\/\">Privacy Policy<\/a><\/p>\t\t\t\t<\/div>\n\t\t\t\t<div class=\"elementor-element elementor-element-20e991a elementor-widget elementor-widget-heading\" data-id=\"20e991a\" data-element_type=\"widget\" data-e-type=\"widget\" data-widget_type=\"heading.default\">\n\t\t\t\t\t<p class=\"elementor-heading-title elementor-size-default\"><a href=\"https:\/\/www.adegamachado.pt\/en\/cookies\/\">Cookie Policy<\/a><\/p>\t\t\t\t<\/div>\n\t\t\t\t<div class=\"elementor-element elementor-element-6ffd68a elementor-widget elementor-widget-heading\" data-id=\"6ffd68a\" data-element_type=\"widget\" data-e-type=\"widget\" data-widget_type=\"heading.default\">\n\t\t\t\t\t<p class=\"elementor-heading-title elementor-size-default\"><a href=\"https:\/\/www.adegamachado.pt\/en\/termos\/\">Terms and Conditions<\/a><\/p>\t\t\t\t<\/div>\n\t\t\t\t<div class=\"elementor-element elementor-element-a5bfadd elementor-widget elementor-widget-heading\" data-id=\"a5bfadd\" data-element_type=\"widget\" data-e-type=\"widget\" data-widget_type=\"heading.default\">\n\t\t\t\t\t<p class=\"elementor-heading-title elementor-size-default\"><a href=\"https:\/\/www.livroreclamacoes.pt\" target=\"_blank\" rel=\"nofollow\">Book of Complaints<\/a><\/p>\t\t\t\t<\/div>\n\t\t\t\t<\/div>\n\t\t\t\t<div class=\"elementor-column elementor-col-100 elementor-top-column elementor-element elementor-element-7642c7d\" data-id=\"7642c7d\" data-element_type=\"column\" data-e-type=\"column\">\n\t\t\t<div class=\"elementor-widget-wrap elementor-element-populated\">\n\t\t\t\t\t\t<div class=\"elementor-element elementor-element-38eec42 elementor-widget elementor-widget-heading\" data-id=\"38eec42\" data-element_type=\"widget\" data-e-type=\"widget\" data-widget_type=\"heading.default\">\n\t\t\t\t\t<p class=\"elementor-heading-title elementor-size-default\">Jos\u00e9 de Oliveira, Lda. \u2014 NIPC 500 158 584<\/p>\t\t\t\t<\/div>\n\t\t\t\t\t<\/div>\n\t\t<\/div>\n\t\t\t\t<\/div>\n\t\t\t\t<\/div>","protected":false},"excerpt":{"rendered":"<p>Sobre N\u00f3s Gastronomia Fado Galeria Reservar Menu EN PT Sobre N\u00f3s Gastronomia Fado Contactos Reservar Menu EN PT Sobre N\u00f3s Gastronomia Fado Contactos Reservar Menu EN PT Casa de Fado \u00b7 Bairro Alto \u00b7 Lisboa GALERIA A Adega Machado \u00e9 uma casa de fado no Bairro Alto desde 1937. Por aqui passaram Am\u00e1lia Rodrigues, Carlos [&hellip;]<\/p>\n","protected":false},"author":6,"featured_media":4403,"parent":0,"menu_order":0,"comment_status":"closed","ping_status":"closed","template":"elementor_canvas","meta":{"footnotes":""},"class_list":["post-4402","page","type-page","status-publish","has-post-thumbnail","hentry"],"yoast_head":"<!-- This site is optimized with the Yoast SEO plugin v27.4 - https:\/\/yoast.com\/product\/yoast-seo-wordpress\/ -->\n<title>Galeria \u2014 Adega Machado, fado no Bairro Alto desde 1937<\/title>\n<meta name=\"description\" content=\"Fotografias de espect\u00e1culos de fado, fadistas, m\u00fasicos, sala e fachada da Adega Machado, casa de fado no Bairro Alto, Lisboa, desde 1937.\" \/>\n<meta name=\"robots\" content=\"index, follow, max-snippet:-1, max-image-preview:large, max-video-preview:-1\" \/>\n<link rel=\"canonical\" href=\"https:\/\/www.adegamachado.pt\/en\/galeria\/\" \/>\n<meta property=\"og:locale\" content=\"en_US\" \/>\n<meta property=\"og:type\" content=\"article\" \/>\n<meta property=\"og:title\" content=\"Galeria \u2014 Adega Machado, fado no Bairro Alto desde 1937\" \/>\n<meta property=\"og:description\" content=\"Fotografias de espect\u00e1culos de fado, fadistas, m\u00fasicos, sala e fachada da Adega Machado, casa de fado no Bairro Alto, Lisboa, desde 1937.\" \/>\n<meta property=\"og:url\" content=\"https:\/\/www.adegamachado.pt\/en\/galeria\/\" \/>\n<meta property=\"og:site_name\" content=\"Adega Machado\" \/>\n<meta property=\"article:publisher\" content=\"https:\/\/www.facebook.com\/adegamachado\/\" \/>\n<meta property=\"article:modified_time\" content=\"2026-04-27T20:18:42+00:00\" \/>\n<meta property=\"og:image\" content=\"https:\/\/www.adegamachado.pt\/wp-content\/uploads\/2026\/04\/Logo-1.png\" \/>\n\t<meta property=\"og:image:width\" content=\"310\" \/>\n\t<meta property=\"og:image:height\" content=\"31\" \/>\n\t<meta property=\"og:image:type\" content=\"image\/webp\" \/>\n<meta name=\"twitter:card\" content=\"summary_large_image\" \/>\n<meta name=\"twitter:label1\" content=\"Est. reading time\" \/>\n\t<meta name=\"twitter:data1\" content=\"1 minute\" \/>\n<script type=\"application\/ld+json\" class=\"yoast-schema-graph\">{\"@context\":\"https:\\\/\\\/schema.org\",\"@graph\":[{\"@type\":\"WebPage\",\"@id\":\"https:\\\/\\\/www.adegamachado.pt\\\/galeria\\\/\",\"url\":\"https:\\\/\\\/www.adegamachado.pt\\\/galeria\\\/\",\"name\":\"Galeria \u2014 Adega Machado, fado no Bairro Alto desde 1937\",\"isPartOf\":{\"@id\":\"https:\\\/\\\/www.adegamachado.pt\\\/#website\"},\"primaryImageOfPage\":{\"@id\":\"https:\\\/\\\/www.adegamachado.pt\\\/galeria\\\/#primaryimage\"},\"image\":{\"@id\":\"https:\\\/\\\/www.adegamachado.pt\\\/galeria\\\/#primaryimage\"},\"thumbnailUrl\":\"https:\\\/\\\/www.adegamachado.pt\\\/wp-content\\\/uploads\\\/2026\\\/04\\\/Logo-1.png\",\"datePublished\":\"2026-04-27T07:46:23+00:00\",\"dateModified\":\"2026-04-27T20:18:42+00:00\",\"description\":\"Fotografias de espect\u00e1culos de fado, fadistas, m\u00fasicos, sala e fachada da Adega Machado, casa de fado no Bairro Alto, Lisboa, desde 1937.\",\"breadcrumb\":{\"@id\":\"https:\\\/\\\/www.adegamachado.pt\\\/galeria\\\/#breadcrumb\"},\"inLanguage\":\"en-US\",\"potentialAction\":[{\"@type\":\"ReadAction\",\"target\":[\"https:\\\/\\\/www.adegamachado.pt\\\/galeria\\\/\"]}]},{\"@type\":\"ImageObject\",\"inLanguage\":\"en-US\",\"@id\":\"https:\\\/\\\/www.adegamachado.pt\\\/galeria\\\/#primaryimage\",\"url\":\"https:\\\/\\\/www.adegamachado.pt\\\/wp-content\\\/uploads\\\/2026\\\/04\\\/Logo-1.png\",\"contentUrl\":\"https:\\\/\\\/www.adegamachado.pt\\\/wp-content\\\/uploads\\\/2026\\\/04\\\/Logo-1.png\",\"width\":310,\"height\":31},{\"@type\":\"BreadcrumbList\",\"@id\":\"https:\\\/\\\/www.adegamachado.pt\\\/galeria\\\/#breadcrumb\",\"itemListElement\":[{\"@type\":\"ListItem\",\"position\":1,\"name\":\"Home\",\"item\":\"https:\\\/\\\/www.adegamachado.pt\\\/\"},{\"@type\":\"ListItem\",\"position\":2,\"name\":\"Galeria\"}]},{\"@type\":\"WebSite\",\"@id\":\"https:\\\/\\\/www.adegamachado.pt\\\/#website\",\"url\":\"https:\\\/\\\/www.adegamachado.pt\\\/\",\"name\":\"Adega Machado\",\"description\":\"Keeps Secrets that are put into Songs\",\"publisher\":{\"@id\":\"https:\\\/\\\/www.adegamachado.pt\\\/#organization\"},\"potentialAction\":[{\"@type\":\"SearchAction\",\"target\":{\"@type\":\"EntryPoint\",\"urlTemplate\":\"https:\\\/\\\/www.adegamachado.pt\\\/?s={search_term_string}\"},\"query-input\":{\"@type\":\"PropertyValueSpecification\",\"valueRequired\":true,\"valueName\":\"search_term_string\"}}],\"inLanguage\":\"en-US\"},{\"@type\":\"Organization\",\"@id\":\"https:\\\/\\\/www.adegamachado.pt\\\/#organization\",\"name\":\"Adega Machado\",\"url\":\"https:\\\/\\\/www.adegamachado.pt\\\/\",\"logo\":{\"@type\":\"ImageObject\",\"inLanguage\":\"en-US\",\"@id\":\"https:\\\/\\\/www.adegamachado.pt\\\/#\\\/schema\\\/logo\\\/image\\\/\",\"url\":\"https:\\\/\\\/www.adegamachado.pt\\\/wp-content\\\/uploads\\\/2025\\\/10\\\/neon-1-1.png\",\"contentUrl\":\"https:\\\/\\\/www.adegamachado.pt\\\/wp-content\\\/uploads\\\/2025\\\/10\\\/neon-1-1.png\",\"width\":103,\"height\":68,\"caption\":\"Adega Machado\"},\"image\":{\"@id\":\"https:\\\/\\\/www.adegamachado.pt\\\/#\\\/schema\\\/logo\\\/image\\\/\"},\"sameAs\":[\"https:\\\/\\\/www.facebook.com\\\/adegamachado\\\/\",\"https:\\\/\\\/www.instagram.com\\\/adegamachado\\\/\",\"https:\\\/\\\/www.linkedin.com\\\/company\\\/10096781\",\"https:\\\/\\\/www.youtube.com\\\/channel\\\/UCZnZoaW6NvWtRSY8_97xgCg\"]}]}<\/script>\n<!-- \/ Yoast SEO plugin. -->","yoast_head_json":{"title":"Galeria \u2014 Adega Machado, fado no Bairro Alto desde 1937","description":"Fotografias de espect\u00e1culos de fado, fadistas, m\u00fasicos, sala e fachada da Adega Machado, casa de fado no Bairro Alto, Lisboa, desde 1937.","robots":{"index":"index","follow":"follow","max-snippet":"max-snippet:-1","max-image-preview":"max-image-preview:large","max-video-preview":"max-video-preview:-1"},"canonical":"https:\/\/www.adegamachado.pt\/en\/galeria\/","og_locale":"en_US","og_type":"article","og_title":"Galeria \u2014 Adega Machado, fado no Bairro Alto desde 1937","og_description":"Fotografias de espect\u00e1culos de fado, fadistas, m\u00fasicos, sala e fachada da Adega Machado, casa de fado no Bairro Alto, Lisboa, desde 1937.","og_url":"https:\/\/www.adegamachado.pt\/en\/galeria\/","og_site_name":"Adega Machado","article_publisher":"https:\/\/www.facebook.com\/adegamachado\/","article_modified_time":"2026-04-27T20:18:42+00:00","og_image":[{"width":310,"height":31,"url":"https:\/\/www.adegamachado.pt\/wp-content\/uploads\/2026\/04\/Logo-1.png","type":"image\/webp"}],"twitter_card":"summary_large_image","twitter_misc":{"Est. reading time":"1 minute"},"schema":{"@context":"https:\/\/schema.org","@graph":[{"@type":"WebPage","@id":"https:\/\/www.adegamachado.pt\/galeria\/","url":"https:\/\/www.adegamachado.pt\/galeria\/","name":"Galeria \u2014 Adega Machado, fado no Bairro Alto desde 1937","isPartOf":{"@id":"https:\/\/www.adegamachado.pt\/#website"},"primaryImageOfPage":{"@id":"https:\/\/www.adegamachado.pt\/galeria\/#primaryimage"},"image":{"@id":"https:\/\/www.adegamachado.pt\/galeria\/#primaryimage"},"thumbnailUrl":"https:\/\/www.adegamachado.pt\/wp-content\/uploads\/2026\/04\/Logo-1.png","datePublished":"2026-04-27T07:46:23+00:00","dateModified":"2026-04-27T20:18:42+00:00","description":"Fotografias de espect\u00e1culos de fado, fadistas, m\u00fasicos, sala e fachada da Adega Machado, casa de fado no Bairro Alto, Lisboa, desde 1937.","breadcrumb":{"@id":"https:\/\/www.adegamachado.pt\/galeria\/#breadcrumb"},"inLanguage":"en-US","potentialAction":[{"@type":"ReadAction","target":["https:\/\/www.adegamachado.pt\/galeria\/"]}]},{"@type":"ImageObject","inLanguage":"en-US","@id":"https:\/\/www.adegamachado.pt\/galeria\/#primaryimage","url":"https:\/\/www.adegamachado.pt\/wp-content\/uploads\/2026\/04\/Logo-1.png","contentUrl":"https:\/\/www.adegamachado.pt\/wp-content\/uploads\/2026\/04\/Logo-1.png","width":310,"height":31},{"@type":"BreadcrumbList","@id":"https:\/\/www.adegamachado.pt\/galeria\/#breadcrumb","itemListElement":[{"@type":"ListItem","position":1,"name":"Home","item":"https:\/\/www.adegamachado.pt\/"},{"@type":"ListItem","position":2,"name":"Galeria"}]},{"@type":"WebSite","@id":"https:\/\/www.adegamachado.pt\/#website","url":"https:\/\/www.adegamachado.pt\/","name":"Adega Machado","description":"Keeps Secrets that are put into Songs","publisher":{"@id":"https:\/\/www.adegamachado.pt\/#organization"},"potentialAction":[{"@type":"SearchAction","target":{"@type":"EntryPoint","urlTemplate":"https:\/\/www.adegamachado.pt\/?s={search_term_string}"},"query-input":{"@type":"PropertyValueSpecification","valueRequired":true,"valueName":"search_term_string"}}],"inLanguage":"en-US"},{"@type":"Organization","@id":"https:\/\/www.adegamachado.pt\/#organization","name":"Adega Machado","url":"https:\/\/www.adegamachado.pt\/","logo":{"@type":"ImageObject","inLanguage":"en-US","@id":"https:\/\/www.adegamachado.pt\/#\/schema\/logo\/image\/","url":"https:\/\/www.adegamachado.pt\/wp-content\/uploads\/2025\/10\/neon-1-1.png","contentUrl":"https:\/\/www.adegamachado.pt\/wp-content\/uploads\/2025\/10\/neon-1-1.png","width":103,"height":68,"caption":"Adega Machado"},"image":{"@id":"https:\/\/www.adegamachado.pt\/#\/schema\/logo\/image\/"},"sameAs":["https:\/\/www.facebook.com\/adegamachado\/","https:\/\/www.instagram.com\/adegamachado\/","https:\/\/www.linkedin.com\/company\/10096781","https:\/\/www.youtube.com\/channel\/UCZnZoaW6NvWtRSY8_97xgCg"]}]}},"_links":{"self":[{"href":"https:\/\/www.adegamachado.pt\/en\/wp-json\/wp\/v2\/pages\/4402","targetHints":{"allow":["GET"]}}],"collection":[{"href":"https:\/\/www.adegamachado.pt\/en\/wp-json\/wp\/v2\/pages"}],"about":[{"href":"https:\/\/www.adegamachado.pt\/en\/wp-json\/wp\/v2\/types\/page"}],"author":[{"embeddable":true,"href":"https:\/\/www.adegamachado.pt\/en\/wp-json\/wp\/v2\/users\/6"}],"replies":[{"embeddable":true,"href":"https:\/\/www.adegamachado.pt\/en\/wp-json\/wp\/v2\/comments?post=4402"}],"version-history":[{"count":53,"href":"https:\/\/www.adegamachado.pt\/en\/wp-json\/wp\/v2\/pages\/4402\/revisions"}],"predecessor-version":[{"id":4467,"href":"https:\/\/www.adegamachado.pt\/en\/wp-json\/wp\/v2\/pages\/4402\/revisions\/4467"}],"wp:featuredmedia":[{"embeddable":true,"href":"https:\/\/www.adegamachado.pt\/en\/wp-json\/wp\/v2\/media\/4403"}],"wp:attachment":[{"href":"https:\/\/www.adegamachado.pt\/en\/wp-json\/wp\/v2\/media?parent=4402"}],"curies":[{"name":"wp","href":"https:\/\/api.w.org\/{rel}","templated":true}]}}